{"id":2,"date":"2019-03-12T14:07:05","date_gmt":"2019-03-12T14:07:07","guid":{"rendered":"http:\/\/wpengine.com1\/?page_id=2"},"modified":"2025-06-16T10:31:36","modified_gmt":"2025-06-16T14:31:36","slug":"home","status":"publish","type":"page","link":"https:\/\/onlinemagyariskola.com\/web\/","title":{"rendered":"Kezd\u0151lap"},"content":{"rendered":"<header class=\"section section--full-width section--hero section--acf-block section--acf-block-hero-slider section--has-background section--hero-sticky section--color-scheme-light section--full-screen section--has-headline\">\n\t\t\t<div class=\"section__background\">\n\t\t\t<div class=\"background-gallery\">\n\t\t\t\t<div class=\"owl-carousel\">\n\t\t\t\t\t\t\t\t\t\t\t<div class=\"slide\">\n\t\t\t\t\t\t\t<div class=\"parallax\" style=\"background-image:url('https:\/\/onlinemagyariskola.com\/web\/wp-content\/uploads\/2019\/12\/IMG_1919-e1578887018884-1870x1080.jpg');\"><\/div>\n\t\t\t\t\t\t\t<div class=\"overlay\" style=\"\"><\/div>\n\t\t\t\t\t\t\t<div class=\"label\">K\u00e9nyelmes tanul\u00e1s otthonr\u00f3l<\/div>\n\t\t\t\t\t\t<\/div>\n\t\t\t\t\t\t\t\t\t\t\t<div class=\"slide\">\n\t\t\t\t\t\t\t<div class=\"parallax\" style=\"background-image:url('https:\/\/onlinemagyariskola.com\/web\/wp-content\/uploads\/2019\/12\/OMIfoldrajzora-e1578887073453-1920x1080.jpg');\"><\/div>\n\t\t\t\t\t\t\t<div class=\"overlay\" style=\"\"><\/div>\n\t\t\t\t\t\t\t<div class=\"label\">Magasan kvalifik\u00e1lt, Magyarorsz\u00e1gon v\u00e9gzett tan\u00e1rok<\/div>\n\t\t\t\t\t\t<\/div>\n\t\t\t\t\t\t\t\t\t\t\t<div class=\"slide\">\n\t\t\t\t\t\t\t<div class=\"parallax\" style=\"background-image:url('https:\/\/onlinemagyariskola.com\/web\/wp-content\/uploads\/2020\/01\/onlineiskkids.jpg');\"><\/div>\n\t\t\t\t\t\t\t<div class=\"overlay\" style=\"\"><\/div>\n\t\t\t\t\t\t\t<div class=\"label\">Tanul\u00f3k a vil\u00e1g \u00f6t kontinens\u00e9r\u0151l<\/div>\n\t\t\t\t\t\t<\/div>\n\t\t\t\t\t\t\t\t\t<\/div>\n\t\t\t<\/div>\n\t\t<\/div>\n\t    <div class=\"container-extended container-sticky\">\n        <div class=\"row\">\n            <div class=\"col-12 section__content\"><\/div>\n        <\/div>\n    <\/div>\n\t        <div class=\"section__headline\">\n            <h1 class=\"headline-title\">Online Iskola K\u00fclf\u00f6ld\u00f6n \u00c9l\u0151 Magyar Gyerekeknek<\/h1>\n        <\/div>\n\t<\/header>\n\n\n\n<h2 class=\"wp-block-heading has-text-align-center\"><em>K\u00fcldet\u00e9s\u00fcnk<\/em><\/h2>\n\n\n\n<p class=\"has-text-align-center lead\"><strong><em>K\u00fclf\u00f6ld\u00f6n \u00e9l\u0151, magyar gy\u00f6kerekkel rendelkez\u0151 csal\u00e1dok seg\u00edt\u00e9se a magyar nyelv \u00e9s kult\u00fara meg\u0151rz\u00e9s\u00e9ben, \u00e1pol\u00e1s\u00e1ban, a gener\u00e1ci\u00f3knak val\u00f3 tov\u00e1bbad\u00e1s\u00e1ban a modern e-oktat\u00e1s seg\u00edts\u00e9g\u00e9vel.<\/em><\/strong><\/p>\n\n\n\n<p><\/p>\n\n\n\n<h2 class=\"wp-block-heading has-text-align-center\">Bemutatkoz\u00e1s<\/h2>\n\n\n\n<p> Az Online Magyar Iskola (OMI) 2009 \u00f3ta seg\u00edti a k\u00fclf\u00f6ld\u00f6n \u00e9l\u0151 magyar csal\u00e1dokat a magyar nyelv \u00e9s kult\u00fara tov\u00e1bbad\u00e1s\u00e1ban, valamint a gyerekekkel val\u00f3 megszerettet\u00e9s\u00e9ben. Internetes iskol\u00e1nkat eredetileg az USA \u00c9szak- \u00e9s D\u00e9l-Karolina \u00e1llamaiban \u00e9l\u0151 gyerekeknek ind\u00edtottuk, mivel a nagy t\u00e1vols\u00e1gok miatt hagyom\u00e1nyos h\u00e9tv\u00e9gi magyar iskola l\u00e9trehoz\u00e1s\u00e1ra nem volt lehet\u0151s\u00e9g\u00fcnk. N\u00e9h\u00e1ny lelkes pedag\u00f3gus anyuka szeretett volna saj\u00e1t \u00e9s a helyi magyar k\u00f6z\u00f6ss\u00e9g gyermekei sz\u00e1m\u00e1ra magyar tanul\u00e1si lehet\u0151s\u00e9get biztos\u00edtani. Az \u00e9vek sor\u00e1n egyre t\u00f6bben csatlakoztak hozz\u00e1nk m\u00e1s \u00e1llamokb\u00f3l, majd k\u00fclf\u00f6ldr\u0151l is. A vil\u00e1g \u00f6t kontinens\u00e9r\u0151l, k\u00f6zel 50 orsz\u00e1gb\u00f3l voltak m\u00e1r tanul\u00f3ink.  Az OMI egy olyan alulr\u00f3l j\u00f6v\u0151 kezdem\u00e9nyez\u00e9s, melyet az\u00f3ta is a sz\u00fcl\u0151k lelkes t\u00e1mogat\u00e1sa \u00e9s a tan\u00e1rok elk\u00f6telezetts\u00e9ge visz el\u0151re.&nbsp; <\/p>\n\n\n\n<p>Modern e-oktat\u00e1s form\u00e1j\u00e1ban, id\u0151ben \u00e9s t\u00e9rben egyar\u00e1nt rugalmas lehet\u0151s\u00e9geket biztos\u00edtunk di\u00e1kjainknak a tanul\u00e1sra, legyen az otthon, az \u00edr\u00f3asztal el\u0151tt, a nyaral\u00e1s alatt vagy utaz\u00e1s k\u00f6zben az aut\u00f3ban. Iskol\u00e1nk a h\u00e9t minden napj\u00e1n, t\u00f6bb mint 50 csoportnak k\u00edn\u00e1l j\u00e1t\u00e9kos, interakt\u00edv foglalkoz\u00e1sokat Zoom-on \u00e9s Teams-en kereszt\u00fcl. Di\u00e1kjaink (3-18 \u00e9ves koroszt\u00e1ly) \u00e9letkoruknak \u00e9s magyar nyelvtud\u00e1s szintj\u00fcknek megfelel\u0151 tanul\u00f3csoportokban dolgoznak egy\u00fctt. A 2020\/21-es tan\u00e9vt\u0151l m\u00e1r feln\u0151ttek sz\u00e1m\u00e1ra is ind\u00edtunk magyar nyelvi kurzusokat &#8211; kezd\u0151 \u00e9s halad\u00f3 szinten egyar\u00e1nt, illetve egy matematikai tehets\u00e9ggondoz\u00f3 programmal is b\u0151v\u00edtett\u00fck iskol\u00e1nk profilj\u00e1t.<\/p>\n\n\n\n<p>Az OMI egyed\u00fcl\u00e1ll\u00f3 saj\u00e1toss\u00e1ga, hogy iskol\u00e1nkban a vil\u00e1g k\u00fcl\u00f6nb\u00f6z\u0151 r\u00e9szein \u00e9l\u0151 magyar gyerekek egy\u00fctt tanulnak, megismerve egym\u00e1st \u00e9s a diaszp\u00f3ra m\u00e1s magyar k\u00f6z\u00f6ss\u00e9geiben \u00e9l\u0151ket is. \u00cdgy iskol\u00e1nk tan\u00e1rai, di\u00e1kjai \u00e9s a sz\u00fcl\u0151k egy nagy, magyar, virtu\u00e1lis k\u00f6z\u00f6ss\u00e9get alkotnak, melyben nagyszer\u0171 ismerets\u00e9gek \u00e9s bar\u00e1ts\u00e1gok alakulnak ki.&nbsp;<\/p>\n\n\n\n<figure class=\"wp-block-embed alignleft is-type-video is-provider-youtube wp-block-embed-youtube wp-embed-aspect-16-9 wp-has-aspect-ratio\"><div class=\"wp-block-embed__wrapper\">\n<iframe loading=\"lazy\" title=\"Online Magyar Iskola im\u00e1zsfilm\" width=\"500\" height=\"281\" src=\"https:\/\/www.youtube.com\/embed\/ZMpeDZ6hsJs?feature=oembed\" frameborder=\"0\" allow=\"accelerometer; autoplay; clipboard-write; encrypted-media; gyroscope; picture-in-picture; web-share\" referrerpolicy=\"strict-origin-when-cross-origin\" allowfullscreen><\/iframe>\n<\/div><\/figure>\n\n\n\n<p>Az OMI tan\u00e1ri kara magasan kvalifik\u00e1lt, Magyarorsz\u00e1gon v\u00e9gzett, de k\u00fclf\u00f6ld\u00f6n \u00e9l\u0151 magyar gyerekek oktat\u00e1s\u00e1ban is nagy gyakorlattal rendelkez\u0151, diplom\u00e1s pedag\u00f3gusokb\u00f3l \u00e1ll. Tan\u00e1raink k\u00f6z\u00fcl t\u00f6bben olyan speci\u00e1lis ter\u00fcleteknek is szakemberei, mint az ECL nyelvvizsga felk\u00e9sz\u00edt\u00e9s, logop\u00e9dia, dr\u00e1ma- \u00e9s mesepedag\u00f3gia.<\/p>\n\n\n\n<p>Az \u00f3r\u00e1k sz\u00ednes\u00edt\u00e9s\u00e9hez gyakran h\u00edvunk vend\u00e9gel\u0151ad\u00f3kat, h\u00edres magyar sportol\u00f3kat, tud\u00f3sokat, tudom\u00e1nyos szakembereket, m\u00fazeumpedag\u00f3gusokat, zen\u00e9szeket, \u00edr\u00f3kat, k\u00f6lt\u0151ket.&nbsp;&nbsp;<\/p>\n\n\n\n<p>Iskol\u00e1nk priorit\u00e1sai k\u00f6z\u00e9 tartozik a tan\u00e1ri kar szakmai ismereteinek b\u0151v\u00edt\u00e9se, moderniz\u00e1l\u00e1sa, t\u00e1rsszervezetekkel, koll\u00e9g\u00e1kkal val\u00f3 kapcsolattart\u00e1sa, \u00faj kapcsolatok \u00e9s egy\u00fcttm\u0171k\u00f6d\u00e9sek ki\u00e9p\u00edt\u00e9se. Az oktat\u00e1s min\u0151s\u00e9g\u00e9t az iskola tizen\u00f6t sikeres \u00e9ve, a tan\u00e1ri karban \u00f6sszegy\u0171lt \u00e9vtizedes elm\u00e9leti \u00e9s gyakorlati tapasztalatok, valamint a folyamatos szakmai tov\u00e1bbk\u00e9pz\u00e9sek biztos\u00edtj\u00e1k. <br><\/p>\n\n\n\n<figure class=\"wp-block-gallery has-nested-images columns-default is-cropped wp-block-gallery-1 is-layout-flex wp-block-gallery-is-layout-flex\">\n<figure class=\"wp-block-image\"><img loading=\"lazy\" decoding=\"async\" width=\"1024\" height=\"805\" data-id=\"2274\" src=\"https:\/\/onlinemagyariskola.com\/web\/wp-content\/uploads\/2020\/02\/l.-Zsuzsa-tanit-1024x805.jpg\" alt=\"\" class=\"wp-image-2274\" srcset=\"https:\/\/onlinemagyariskola.com\/web\/wp-content\/uploads\/2020\/02\/l.-Zsuzsa-tanit-1024x805.jpg 1024w, https:\/\/onlinemagyariskola.com\/web\/wp-content\/uploads\/2020\/02\/l.-Zsuzsa-tanit-300x236.jpg 300w, https:\/\/onlinemagyariskola.com\/web\/wp-content\/uploads\/2020\/02\/l.-Zsuzsa-tanit-768x604.jpg 768w, https:\/\/onlinemagyariskola.com\/web\/wp-content\/uploads\/2020\/02\/l.-Zsuzsa-tanit-1536x1208.jpg 1536w, https:\/\/onlinemagyariskola.com\/web\/wp-content\/uploads\/2020\/02\/l.-Zsuzsa-tanit-2048x1611.jpg 2048w\" sizes=\"auto, (max-width: 1024px) 100vw, 1024px\" \/><\/figure>\n\n\n\n<figure class=\"wp-block-image\"><img loading=\"lazy\" decoding=\"async\" width=\"764\" height=\"1024\" data-id=\"1661\" src=\"https:\/\/onlinemagyariskola.com\/web\/wp-content\/uploads\/2019\/12\/2A8D8649-F358-4F61-82C7-2FFB63AE132F-764x1024.jpeg\" alt=\"\" class=\"wp-image-1661\" srcset=\"https:\/\/onlinemagyariskola.com\/web\/wp-content\/uploads\/2019\/12\/2A8D8649-F358-4F61-82C7-2FFB63AE132F-764x1024.jpeg 764w, https:\/\/onlinemagyariskola.com\/web\/wp-content\/uploads\/2019\/12\/2A8D8649-F358-4F61-82C7-2FFB63AE132F-224x300.jpeg 224w, https:\/\/onlinemagyariskola.com\/web\/wp-content\/uploads\/2019\/12\/2A8D8649-F358-4F61-82C7-2FFB63AE132F-768x1029.jpeg 768w, https:\/\/onlinemagyariskola.com\/web\/wp-content\/uploads\/2019\/12\/2A8D8649-F358-4F61-82C7-2FFB63AE132F-1146x1536.jpeg 1146w, https:\/\/onlinemagyariskola.com\/web\/wp-content\/uploads\/2019\/12\/2A8D8649-F358-4F61-82C7-2FFB63AE132F.jpeg 1504w\" sizes=\"auto, (max-width: 764px) 100vw, 764px\" \/><\/figure>\n\n\n\n<figure class=\"wp-block-image\"><img loading=\"lazy\" decoding=\"async\" width=\"1024\" height=\"768\" data-id=\"1464\" src=\"https:\/\/onlinemagyariskola.com\/web\/wp-content\/uploads\/2019\/12\/IMG_2235-1024x768.jpg\" alt=\"\" class=\"wp-image-1464\" srcset=\"https:\/\/onlinemagyariskola.com\/web\/wp-content\/uploads\/2019\/12\/IMG_2235-1024x768.jpg 1024w, https:\/\/onlinemagyariskola.com\/web\/wp-content\/uploads\/2019\/12\/IMG_2235-300x225.jpg 300w, https:\/\/onlinemagyariskola.com\/web\/wp-content\/uploads\/2019\/12\/IMG_2235-768x576.jpg 768w, https:\/\/onlinemagyariskola.com\/web\/wp-content\/uploads\/2019\/12\/IMG_2235-1536x1152.jpg 1536w, https:\/\/onlinemagyariskola.com\/web\/wp-content\/uploads\/2019\/12\/IMG_2235.jpg 2048w\" sizes=\"auto, (max-width: 1024px) 100vw, 1024px\" \/><\/figure>\n<\/figure>\n\n\n\n<h2 class=\"wp-block-heading has-text-align-center\">Betekint\u00e9s a tan\u00f3r\u00e1kba<\/h2>\n\n\n<div id=\"\" class=\"section section--acf-block section--acf-block-text-with-media section--has-background section--color-scheme-dark section--acf-block-text-with-media-has-media section--acf-block-text-with-media-video\">\n    <div class=\"section__background\">\n\t\t\t<div class=\"section__background\">\n\t\t<div class=\"background-image\">\n\t\t\t\t\t\t\t<div class=\"overlay\" style=\"background-color: #f41818; opacity: 1;\"><\/div>\n\t\t\t\t\t\t<\/div>\n\t<\/div>\n\t    <\/div>\n    <div class=\"container pl-0 pr-0\">\n        <div class=\"row align-items-center\">\n\t\t\t<div class=\"col-12 col-lg-6 col-media\"><div class=\"iframe-wrap\"><iframe loading=\"lazy\" title=\"OMI tan\u00f3ra 1.\" width=\"500\" height=\"281\" src=\"https:\/\/www.youtube.com\/embed\/8KL_pVEflUs?feature=oembed\" frameborder=\"0\" allow=\"accelerometer; autoplay; clipboard-write; encrypted-media; gyroscope; picture-in-picture; web-share\" referrerpolicy=\"strict-origin-when-cross-origin\" allowfullscreen><\/iframe><\/div><\/div>            <div class=\"col-12 col-lg-6 col-text col-text-right\">\n                <div class=\"section__heading\">\n\t\t\t\t\t                <\/div>\n                <div class=\"section__content\">\n\t\t\t\t\t<p>\u00cdr\u00e1s-olvas\u00e1s \u00f3ra Csilla tan\u00e1r n\u00e9nivel<\/p>\n                <\/div>\n                <div class=\"section__footer\">\n\t\t\t\t\t                <\/div>\n            <\/div>\n        <\/div>\n    <\/div>\n<\/div>\n\n\n<div id=\"\" class=\"section section--acf-block section--acf-block-text-with-media section--has-background section--color-scheme-dark section--acf-block-text-with-media-has-media section--acf-block-text-with-media-video\">\n    <div class=\"section__background\">\n\t\t\t<div class=\"section__background\">\n\t\t<div class=\"background-image\">\n\t\t\t\t\t\t\t<div class=\"overlay\" style=\"background-color: #ffffff; opacity: 1;\"><\/div>\n\t\t\t\t\t\t<\/div>\n\t<\/div>\n\t    <\/div>\n    <div class=\"container pl-0 pr-0\">\n        <div class=\"row align-items-center\">\n\t\t\t<div class=\"col-12 col-lg-6 col-media order-lg-1\"><div class=\"iframe-wrap\"><iframe loading=\"lazy\" title=\"OMI tan\u00f3ra 2.\" width=\"500\" height=\"281\" src=\"https:\/\/www.youtube.com\/embed\/Tltk-z9nndc?feature=oembed\" frameborder=\"0\" allow=\"accelerometer; autoplay; clipboard-write; encrypted-media; gyroscope; picture-in-picture; web-share\" referrerpolicy=\"strict-origin-when-cross-origin\" allowfullscreen><\/iframe><\/div><\/div>            <div class=\"col-12 col-lg-6 col-text col-text-left\">\n                <div class=\"section__heading\">\n\t\t\t\t\t                <\/div>\n                <div class=\"section__content\">\n\t\t\t\t\t<p>N\u00e9prajz \u00f3ra Battai Istv<span style=\"display: inline !important; float: none; background-color: #ffffff; color: #191e23; font-family: 'Noto Serif'; font-size: inherit; font-style: normal; font-variant: normal; font-weight: 400; letter-spacing: normal; line-height: 1.8; orphans: 2; text-align: left; text-decoration: none; text-indent: 0px; text-transform: none; -webkit-text-stroke-width: 0px; white-space: pre-wrap; word-spacing: 0px;\">\u00e1<\/span>n vend\u00e9gel\u0151ad\u00f3val<\/p>\n                <\/div>\n                <div class=\"section__footer\">\n\t\t\t\t\t                <\/div>\n            <\/div>\n        <\/div>\n    <\/div>\n<\/div>\n\n\n<div id=\"\" class=\"section section--acf-block section--acf-block-text-with-media section--has-background section--color-scheme-dark section--acf-block-text-with-media-has-media section--acf-block-text-with-media-video\">\n    <div class=\"section__background\">\n\t\t\t<div class=\"section__background\">\n\t\t<div class=\"background-image\">\n\t\t\t\t\t\t\t<div class=\"overlay\" style=\"background-color: #32a350; opacity: 1;\"><\/div>\n\t\t\t\t\t\t<\/div>\n\t<\/div>\n\t    <\/div>\n    <div class=\"container pl-0 pr-0\">\n        <div class=\"row align-items-center\">\n\t\t\t<div class=\"col-12 col-lg-6 col-media\"><div class=\"iframe-wrap\"><iframe loading=\"lazy\" title=\"OMI tan\u00f3ra 3.\" width=\"500\" height=\"281\" src=\"https:\/\/www.youtube.com\/embed\/nKX_mc_-qjw?feature=oembed\" frameborder=\"0\" allow=\"accelerometer; autoplay; clipboard-write; encrypted-media; gyroscope; picture-in-picture; web-share\" referrerpolicy=\"strict-origin-when-cross-origin\" allowfullscreen><\/iframe><\/div><\/div>            <div class=\"col-12 col-lg-6 col-text col-text-right\">\n                <div class=\"section__heading\">\n\t\t\t\t\t                <\/div>\n                <div class=\"section__content\">\n\t\t\t\t\t<p>J\u00e1t\u00e9kos besz\u00e9dfejleszt\u0151 foglalkoz\u00e1s Judit tan\u00e1r n\u00e9nivel<\/p>\n                <\/div>\n                <div class=\"section__footer\">\n\t\t\t\t\t                <\/div>\n            <\/div>\n        <\/div>\n    <\/div>\n<\/div>\n\n\n\n<h2 class=\"wp-block-heading has-text-align-center\">M\u00e9diamegjelen\u00e9s<\/h2>\n\n\n<div id=\"\" class=\"section section--acf-block section--acf-block-text-with-media section--acf-block-text-with-media-has-media section--acf-block-text-with-media-image\">\n    <div class=\"section__background\">\n\t\t    <\/div>\n    <div class=\"container pl-0 pr-0\">\n        <div class=\"row align-items-center\">\n\t\t\t<div class=\"col-12 col-lg-6 col-media\"><img loading=\"lazy\" decoding=\"async\" width=\"4608\" height=\"3456\" src=\"https:\/\/onlinemagyariskola.com\/web\/wp-content\/uploads\/2024\/12\/Judit-tanitas-kozben.png\" class=\"attachment-full size-full\" alt=\"\" srcset=\"https:\/\/onlinemagyariskola.com\/web\/wp-content\/uploads\/2024\/12\/Judit-tanitas-kozben.png 4608w, https:\/\/onlinemagyariskola.com\/web\/wp-content\/uploads\/2024\/12\/Judit-tanitas-kozben-300x225.png 300w, https:\/\/onlinemagyariskola.com\/web\/wp-content\/uploads\/2024\/12\/Judit-tanitas-kozben-1024x768.png 1024w, https:\/\/onlinemagyariskola.com\/web\/wp-content\/uploads\/2024\/12\/Judit-tanitas-kozben-768x576.png 768w, https:\/\/onlinemagyariskola.com\/web\/wp-content\/uploads\/2024\/12\/Judit-tanitas-kozben-1536x1152.png 1536w, https:\/\/onlinemagyariskola.com\/web\/wp-content\/uploads\/2024\/12\/Judit-tanitas-kozben-2048x1536.png 2048w, https:\/\/onlinemagyariskola.com\/web\/wp-content\/uploads\/2024\/12\/Judit-tanitas-kozben-1320x990.png 1320w\" sizes=\"auto, (max-width: 4608px) 100vw, 4608px\" \/><\/div>            <div class=\"col-12 col-lg-6 col-text col-text-right\">\n                <div class=\"section__heading\">\n\t\t\t\t\t                <\/div>\n                <div class=\"section__content\">\n\t\t\t\t\t<p>Interj\u00fa iskol\u00e1nk igazgat\u00f3j\u00e1val a Bocskai R\u00e1di\u00f3 oldal\u00e1n \u00e9s annak angol nyelv\u0171 kivonata (2024. 12.14.)<\/p>\n<p><a href=\"https:\/\/www.bocskairadio.org\/mindenkinek-igyekszunk-segiteni-beszelgetes-dr-tamas-judittal-az-online-magyar-iskola-alapito-vezetojevel\/\" target=\"_blank\" rel=\"noopener\">Mindenkinek igyeksz\u00fcnk seg\u00edteni<\/a><\/p>\n<p><a href=\"https:\/\/www.hungarianconservative.com\/articles\/diaspora\/interview-founder-principal-online-hungarian-school-judit-tamas\/\" target=\"_blank\" rel=\"noopener\">It turns out there are Hungarians everywhere<\/a><\/p>\n<p>&nbsp;<\/p>\n                <\/div>\n                <div class=\"section__footer\">\n\t\t\t\t\t                <\/div>\n            <\/div>\n        <\/div>\n    <\/div>\n<\/div>\n\n\n<div id=\"\" class=\"section section--acf-block section--acf-block-text-with-media section--acf-block-text-with-media-has-media section--acf-block-text-with-media-image\">\n    <div class=\"section__background\">\n\t\t    <\/div>\n    <div class=\"container pl-0 pr-0\">\n        <div class=\"row align-items-center\">\n\t\t\t<div class=\"col-12 col-lg-6 col-media order-lg-1\"><img loading=\"lazy\" decoding=\"async\" width=\"2142\" height=\"2560\" src=\"https:\/\/onlinemagyariskola.com\/web\/wp-content\/uploads\/2024\/12\/Tamas-Judit-scaled.jpeg\" class=\"attachment-full size-full\" alt=\"\" srcset=\"https:\/\/onlinemagyariskola.com\/web\/wp-content\/uploads\/2024\/12\/Tamas-Judit-scaled.jpeg 2142w, https:\/\/onlinemagyariskola.com\/web\/wp-content\/uploads\/2024\/12\/Tamas-Judit-251x300.jpeg 251w, https:\/\/onlinemagyariskola.com\/web\/wp-content\/uploads\/2024\/12\/Tamas-Judit-857x1024.jpeg 857w, https:\/\/onlinemagyariskola.com\/web\/wp-content\/uploads\/2024\/12\/Tamas-Judit-768x918.jpeg 768w\" sizes=\"auto, (max-width: 2142px) 100vw, 2142px\" \/><\/div>            <div class=\"col-12 col-lg-6 col-text col-text-left\">\n                <div class=\"section__heading\">\n\t\t\t\t\t                <\/div>\n                <div class=\"section__content\">\n\t\t\t\t\t<p>Besz\u00e9lget\u00e9s iskol\u00e1nk igazgat\u00f3j\u00e1val az online magyar nyelvoktat\u00e1s el\u0151nyeir\u0151l, a kih\u00edv\u00e1sokr\u00f3l \u00e9s a kamaszkor\u00fa tanul\u00f3k megtart\u00e1s\u00e1r\u00f3l (2024.11.28.)<\/p>\n<p><a href=\"https:\/\/diaszpora.sze.hu\/diaszpora-podcast\" target=\"_blank\" rel=\"noopener\">Diaszp\u00f3ra Podcast<\/a><\/p>\n<p>&nbsp;<\/p>\n                <\/div>\n                <div class=\"section__footer\">\n\t\t\t\t\t                <\/div>\n            <\/div>\n        <\/div>\n    <\/div>\n<\/div>\n\n\n<div id=\"\" class=\"section section--acf-block section--acf-block-text-with-media section--acf-block-text-with-media-has-media section--acf-block-text-with-media-image\">\n    <div class=\"section__background\">\n\t\t    <\/div>\n    <div class=\"container pl-0 pr-0\">\n        <div class=\"row align-items-center\">\n\t\t\t<div class=\"col-12 col-lg-6 col-media\"><img loading=\"lazy\" decoding=\"async\" width=\"1080\" height=\"1080\" src=\"https:\/\/onlinemagyariskola.com\/web\/wp-content\/uploads\/2024\/12\/468448319_1565895977379127_2616904738880465911_n.jpg\" class=\"attachment-full size-full\" alt=\"\" srcset=\"https:\/\/onlinemagyariskola.com\/web\/wp-content\/uploads\/2024\/12\/468448319_1565895977379127_2616904738880465911_n.jpg 1080w, https:\/\/onlinemagyariskola.com\/web\/wp-content\/uploads\/2024\/12\/468448319_1565895977379127_2616904738880465911_n-300x300.jpg 300w, https:\/\/onlinemagyariskola.com\/web\/wp-content\/uploads\/2024\/12\/468448319_1565895977379127_2616904738880465911_n-1024x1024.jpg 1024w, https:\/\/onlinemagyariskola.com\/web\/wp-content\/uploads\/2024\/12\/468448319_1565895977379127_2616904738880465911_n-150x150.jpg 150w, https:\/\/onlinemagyariskola.com\/web\/wp-content\/uploads\/2024\/12\/468448319_1565895977379127_2616904738880465911_n-768x768.jpg 768w, https:\/\/onlinemagyariskola.com\/web\/wp-content\/uploads\/2024\/12\/468448319_1565895977379127_2616904738880465911_n-400x400.jpg 400w\" sizes=\"auto, (max-width: 1080px) 100vw, 1080px\" \/><\/div>            <div class=\"col-12 col-lg-6 col-text col-text-right\">\n                <div class=\"section__heading\">\n\t\t\t\t\t                <\/div>\n                <div class=\"section__content\">\n\t\t\t\t\t<p>Cikk a K\u0151r\u00f6si Csoma S\u00e1ndor program honlapj\u00e1n (2024.11.25.)<\/p>\n<p><a href=\"https:\/\/www.korosiprogram.hu\/hirek\/online-tanchazvilag-korul\" target=\"_blank\" rel=\"noopener\">Online &#8220;t\u00e1nch\u00e1z&#8221; a vil\u00e1g k\u00f6r\u00fcl<\/a><\/p>\n<p>Angol nyelven a Hungarian Folklife Association oldal\u00e1n (2024.11.26.)<\/p>\n<p><a href=\"https:\/\/hungarianfolklife.org\/2024\/11\/26\/chips-and-dips4\/\" target=\"_blank\" rel=\"noopener\">Chips and Dips &#8211; Online Magyar Iskola Collaborates with HFA&#8217;s Folklife Ambassadors<\/a><\/p>\n                <\/div>\n                <div class=\"section__footer\">\n\t\t\t\t\t                <\/div>\n            <\/div>\n        <\/div>\n    <\/div>\n<\/div>\n\n\n<div id=\"\" class=\"section section--acf-block section--acf-block-text-with-media section--acf-block-text-with-media-has-media section--acf-block-text-with-media-image\">\n    <div class=\"section__background\">\n\t\t    <\/div>\n    <div class=\"container pl-0 pr-0\">\n        <div class=\"row align-items-center\">\n\t\t\t<div class=\"col-12 col-lg-6 col-media order-lg-1\"><img loading=\"lazy\" decoding=\"async\" width=\"2560\" height=\"1420\" src=\"https:\/\/onlinemagyariskola.com\/web\/wp-content\/uploads\/2024\/05\/kep-1-scaled.jpg\" class=\"attachment-full size-full\" alt=\"\" srcset=\"https:\/\/onlinemagyariskola.com\/web\/wp-content\/uploads\/2024\/05\/kep-1-scaled.jpg 2560w, https:\/\/onlinemagyariskola.com\/web\/wp-content\/uploads\/2024\/05\/kep-1-300x166.jpg 300w, https:\/\/onlinemagyariskola.com\/web\/wp-content\/uploads\/2024\/05\/kep-1-1024x568.jpg 1024w, https:\/\/onlinemagyariskola.com\/web\/wp-content\/uploads\/2024\/05\/kep-1-768x426.jpg 768w, https:\/\/onlinemagyariskola.com\/web\/wp-content\/uploads\/2024\/05\/kep-1-1536x852.jpg 1536w, https:\/\/onlinemagyariskola.com\/web\/wp-content\/uploads\/2024\/05\/kep-1-2048x1136.jpg 2048w\" sizes=\"auto, (max-width: 2560px) 100vw, 2560px\" \/><\/div>            <div class=\"col-12 col-lg-6 col-text col-text-left\">\n                <div class=\"section__heading\">\n\t\t\t\t\t                <\/div>\n                <div class=\"section__content\">\n\t\t\t\t\t<p>Cikk a K\u0151r\u00f6si Csoma S\u00e1ndor program honlapj\u00e1n (2024.05.16.)<\/p>\n<p><a href=\"https:\/\/www.korosiprogram.hu\/hirek\/ejfeli-foldrajz\" target=\"_blank\" rel=\"noopener\">\u00c9jf\u00e9li f\u00f6ldrajz \u00f3ra<\/a><\/p>\n<p>&nbsp;<\/p>\n                <\/div>\n                <div class=\"section__footer\">\n\t\t\t\t\t                <\/div>\n            <\/div>\n        <\/div>\n    <\/div>\n<\/div>\n\n\n<div id=\"\" class=\"section section--acf-block section--acf-block-text-with-media section--acf-block-text-with-media-has-media section--acf-block-text-with-media-video\">\n    <div class=\"section__background\">\n\t\t    <\/div>\n    <div class=\"container pl-0 pr-0\">\n        <div class=\"row align-items-center\">\n\t\t\t<div class=\"col-12 col-lg-6 col-media\"><div class=\"iframe-wrap\"><iframe loading=\"lazy\" title=\"Instant HungarianHub Podcast #10: Kozma Zsuzsa \u00e9s Nov\u00e1k Heni\" width=\"500\" height=\"281\" src=\"https:\/\/www.youtube.com\/embed\/F7N3shJIp30?start=333&#038;feature=oembed\" frameborder=\"0\" allow=\"accelerometer; autoplay; clipboard-write; encrypted-media; gyroscope; picture-in-picture; web-share\" referrerpolicy=\"strict-origin-when-cross-origin\" allowfullscreen><\/iframe><\/div><\/div>            <div class=\"col-12 col-lg-6 col-text col-text-right\">\n                <div class=\"section__heading\">\n\t\t\t\t\t                <\/div>\n                <div class=\"section__content\">\n\t\t\t\t\t<p>HungarianHub podcast az OMI-val (2022. \u00e1prilis 1.)<\/p>\n<p>&nbsp;<\/p>\n                <\/div>\n                <div class=\"section__footer\">\n\t\t\t\t\t                <\/div>\n            <\/div>\n        <\/div>\n    <\/div>\n<\/div>\n\n\n<div id=\"\" class=\"section section--acf-block section--acf-block-text-with-media section--acf-block-text-with-media-has-media section--acf-block-text-with-media-image\">\n    <div class=\"section__background\">\n\t\t    <\/div>\n    <div class=\"container pl-0 pr-0\">\n        <div class=\"row align-items-center\">\n\t\t\t<div class=\"col-12 col-lg-6 col-media order-lg-1\"><img loading=\"lazy\" decoding=\"async\" width=\"1714\" height=\"1080\" src=\"https:\/\/onlinemagyariskola.com\/web\/wp-content\/uploads\/2022\/04\/DA2E2E3D-B881-4DC7-889E-49E12BC3C53F-e1649387042282.jpeg\" class=\"attachment-full size-full\" alt=\"\" srcset=\"https:\/\/onlinemagyariskola.com\/web\/wp-content\/uploads\/2022\/04\/DA2E2E3D-B881-4DC7-889E-49E12BC3C53F-e1649387042282.jpeg 1714w, https:\/\/onlinemagyariskola.com\/web\/wp-content\/uploads\/2022\/04\/DA2E2E3D-B881-4DC7-889E-49E12BC3C53F-e1649387042282-300x189.jpeg 300w, https:\/\/onlinemagyariskola.com\/web\/wp-content\/uploads\/2022\/04\/DA2E2E3D-B881-4DC7-889E-49E12BC3C53F-e1649387042282-1024x645.jpeg 1024w, https:\/\/onlinemagyariskola.com\/web\/wp-content\/uploads\/2022\/04\/DA2E2E3D-B881-4DC7-889E-49E12BC3C53F-e1649387042282-768x484.jpeg 768w, https:\/\/onlinemagyariskola.com\/web\/wp-content\/uploads\/2022\/04\/DA2E2E3D-B881-4DC7-889E-49E12BC3C53F-e1649387042282-1536x968.jpeg 1536w\" sizes=\"auto, (max-width: 1714px) 100vw, 1714px\" \/><\/div>            <div class=\"col-12 col-lg-6 col-text col-text-left\">\n                <div class=\"section__heading\">\n\t\t\t\t\t                <\/div>\n                <div class=\"section__content\">\n\t\t\t\t\t<p>Interj\u00fa a Minden ami k\u00fclf\u00f6ld blogj\u00e1n (2022.03.15.)<\/p>\n<p id=\"blog_ttl\" class=\"header_font bd_headings_text_shadow zero_color prk_break_word\"><a href=\"https:\/\/mindenamikulfold.hu\/ahol-fontos-a-magyar-nyelv-az-oktatas-es-identitas-is\/\" target=\"_blank\" rel=\"noopener\">Ahol fontos a magyar nyelv, az oktat\u00e1s \u00e9s identit\u00e1s<\/a><\/p>\n<p>&nbsp;<\/p>\n                <\/div>\n                <div class=\"section__footer\">\n\t\t\t\t\t                <\/div>\n            <\/div>\n        <\/div>\n    <\/div>\n<\/div>\n\n\n<div id=\"\" class=\"section section--acf-block section--acf-block-text-with-media section--acf-block-text-with-media-has-media section--acf-block-text-with-media-image\">\n    <div class=\"section__background\">\n\t\t    <\/div>\n    <div class=\"container pl-0 pr-0\">\n        <div class=\"row align-items-center\">\n\t\t\t<div class=\"col-12 col-lg-6 col-media\"><img loading=\"lazy\" decoding=\"async\" width=\"2442\" height=\"1792\" src=\"https:\/\/onlinemagyariskola.com\/web\/wp-content\/uploads\/2020\/01\/IMG_1302-scaled-e1579617087614.jpg\" class=\"attachment-full size-full\" alt=\"\" srcset=\"https:\/\/onlinemagyariskola.com\/web\/wp-content\/uploads\/2020\/01\/IMG_1302-scaled-e1579617087614.jpg 2442w, https:\/\/onlinemagyariskola.com\/web\/wp-content\/uploads\/2020\/01\/IMG_1302-scaled-e1579617087614-300x220.jpg 300w, https:\/\/onlinemagyariskola.com\/web\/wp-content\/uploads\/2020\/01\/IMG_1302-scaled-e1579617087614-1024x751.jpg 1024w, https:\/\/onlinemagyariskola.com\/web\/wp-content\/uploads\/2020\/01\/IMG_1302-scaled-e1579617087614-768x564.jpg 768w, https:\/\/onlinemagyariskola.com\/web\/wp-content\/uploads\/2020\/01\/IMG_1302-scaled-e1579617087614-1536x1127.jpg 1536w, https:\/\/onlinemagyariskola.com\/web\/wp-content\/uploads\/2020\/01\/IMG_1302-scaled-e1579617087614-2048x1503.jpg 2048w\" sizes=\"auto, (max-width: 2442px) 100vw, 2442px\" \/><\/div>            <div class=\"col-12 col-lg-6 col-text col-text-right\">\n                <div class=\"section__heading\">\n\t\t\t\t\t                <\/div>\n                <div class=\"section__content\">\n\t\t\t\t\t<p>Cikk a K\u0151r\u00f6si Csoma S\u00e1ndor program honlapj\u00e1n (2020.01.07.)<\/p>\n<p><a href=\"https:\/\/www.korosiprogram.hu\/tudastar\/magyarul-korlatlanul\" target=\"_blank\" rel=\"noopener\">Magyarul korl\u00e1tlanul<\/a><\/p>\n<p>&nbsp;<\/p>\n                <\/div>\n                <div class=\"section__footer\">\n\t\t\t\t\t                <\/div>\n            <\/div>\n        <\/div>\n    <\/div>\n<\/div>\n\n\n<div id=\"\" class=\"section section--acf-block section--acf-block-text-with-media section--has-background section--color-scheme-dark section--acf-block-text-with-media-has-media section--acf-block-text-with-media-video\">\n    <div class=\"section__background\">\n\t\t\t<div class=\"section__background\">\n\t\t<div class=\"background-image\">\n\t\t\t\t\t\t\t<div class=\"overlay\" style=\"background-color: #ffffff; opacity: 1;\"><\/div>\n\t\t\t\t\t\t<\/div>\n\t<\/div>\n\t    <\/div>\n    <div class=\"container pl-0 pr-0\">\n        <div class=\"row align-items-center\">\n\t\t\t<div class=\"col-12 col-lg-6 col-media order-lg-1\"><div class=\"iframe-wrap\"><iframe loading=\"lazy\" title=\"Az Online Magyar Iskola a Duna TV-n\" width=\"500\" height=\"281\" src=\"https:\/\/www.youtube.com\/embed\/z2LI-fS-gCw?feature=oembed\" frameborder=\"0\" allow=\"accelerometer; autoplay; clipboard-write; encrypted-media; gyroscope; picture-in-picture; web-share\" referrerpolicy=\"strict-origin-when-cross-origin\" allowfullscreen><\/iframe><\/div><\/div>            <div class=\"col-12 col-lg-6 col-text col-text-left\">\n                <div class=\"section__heading\">\n\t\t\t\t\t                <\/div>\n                <div class=\"section__content\">\n\t\t\t\t\t<p>Riport az Online Magyar Iskol\u00e1r\u00f3l a Duna TV \u00d6t kontinens c\u00edm\u0171 m\u0171sor\u00e1ban (2019.06.15.)<\/p>\n<p>&nbsp;<\/p>\n                <\/div>\n                <div class=\"section__footer\">\n\t\t\t\t\t                <\/div>\n            <\/div>\n        <\/div>\n    <\/div>\n<\/div>\n\n\n<div id=\"\" class=\"section section--acf-block section--acf-block-text-with-media section--acf-block-text-with-media-has-media section--acf-block-text-with-media-image\">\n    <div class=\"section__background\">\n\t\t    <\/div>\n    <div class=\"container pl-0 pr-0\">\n        <div class=\"row align-items-center\">\n\t\t\t<div class=\"col-12 col-lg-6 col-media\"><img loading=\"lazy\" decoding=\"async\" width=\"800\" height=\"600\" src=\"https:\/\/onlinemagyariskola.com\/web\/wp-content\/uploads\/2020\/01\/00061140.jpeg\" class=\"attachment-full size-full\" alt=\"\" srcset=\"https:\/\/onlinemagyariskola.com\/web\/wp-content\/uploads\/2020\/01\/00061140.jpeg 800w, https:\/\/onlinemagyariskola.com\/web\/wp-content\/uploads\/2020\/01\/00061140-300x225.jpeg 300w, https:\/\/onlinemagyariskola.com\/web\/wp-content\/uploads\/2020\/01\/00061140-768x576.jpeg 768w\" sizes=\"auto, (max-width: 800px) 100vw, 800px\" \/><\/div>            <div class=\"col-12 col-lg-6 col-text col-text-right\">\n                <div class=\"section__heading\">\n\t\t\t\t\t                <\/div>\n                <div class=\"section__content\">\n\t\t\t\t\t<p>Cikk a WMN online magazinban (2017.10.11.)<\/p>\n<p><a href=\"https:\/\/wmn.hu\/wmn-life\/47540-kulfoldon-elo-magyarok-megmentoje--iskola-maskepp-\" target=\"_blank\" rel=\"noopener\">K\u00fclf\u00f6ld\u00f6n \u00e9l\u0151 magyarok megment\u0151je &#8211; Iskola m\u00e1sk\u00e9pp<\/a><\/p>\n                <\/div>\n                <div class=\"section__footer\">\n\t\t\t\t\t                <\/div>\n            <\/div>\n        <\/div>\n    <\/div>\n<\/div>\n\n\n<div id=\"\" class=\"section section--acf-block section--acf-block-text-with-media section--full-width section--has-background section--color-scheme-dark\">\n    <div class=\"section__background\">\n\t\t\t<div class=\"section__background\">\n\t\t<div class=\"background-image\">\n\t\t\t\t\t\t\t<div class=\"overlay\" style=\"background-color: #8c8c8c; opacity: 1;\"><\/div>\n\t\t\t\t\t\t<\/div>\n\t<\/div>\n\t    <\/div>\n    <div class=\"container-fluid\">\n        <div class=\"row\">\n\t\t\t            <div class=\"col-12\">\n                <div class=\"section__heading\">\n\t\t\t\t\t<div class=\"wrap text-center\"><h2>Beiratkoz\u00e1s<\/h2><div class=\"lead\"><p>Els\u0151 l\u00e9p\u00e9sk\u00e9nt felm\u00e9rj\u00fck minden \u00faj jelentkez\u0151 gyermek magyar nyelvtud\u00e1s szintj\u00e9t t\u00e9r\u00edt\u00e9smentesen, egy r\u00f6vid, j\u00e1t\u00e9kos, ismerked\u0151s pr\u00f3ba\u00f3ra keret\u00e9ben. Ezt k\u00f6vet\u0151en az els\u0151 csoportos \u00f3ra kipr\u00f3b\u00e1l\u00e1s\u00e1ra is adunk lehet\u0151s\u00e9get.<\/p>\n<\/div><\/div>                <\/div>\n                <div class=\"section__content\">\n\t\t\t\t\t<p style=\"text-align: center;\"><a class=\"maxbutton-1 maxbutton maxbutton-application\" target=\"_blank\" rel=\"noopener\" href=\"https:\/\/onlinemagyariskola.com\/application\"><span class='mb-text'>Jelentkez\u00e9s \/ Application<\/span><\/a><\/p>\n                <\/div>\n                <div class=\"section__footer\">\n\t\t\t\t\t                <\/div>\n            <\/div>\n        <\/div>\n    <\/div>\n<\/div>\n\n\n\n<p><\/p>\n","protected":false},"excerpt":{"rendered":"<p>K\u00fcldet\u00e9s\u00fcnk K\u00fclf\u00f6ld\u00f6n \u00e9l\u0151, magyar gy\u00f6kerekkel rendelkez\u0151 csal\u00e1dok seg\u00edt\u00e9se a magyar [&hellip;]<\/p>\n","protected":false},"author":3,"featured_media":1445,"parent":0,"menu_order":0,"comment_status":"closed","ping_status":"open","template":"templates\/landing-page.php","meta":{"_exactmetrics_skip_tracking":false,"_exactmetrics_sitenote_active":false,"_exactmetrics_sitenote_note":"","_exactmetrics_sitenote_category":0,"footnotes":""},"class_list":["post-2","page","type-page","status-publish","has-post-thumbnail","hentry"],"acf":[],"yoast_head":"<!-- This site is optimized with the Yoast SEO plugin v26.9 - https:\/\/yoast.com\/product\/yoast-seo-wordpress\/ -->\n<title>Kezd\u0151lap - Online Magyar Iskola<\/title>\n<meta name=\"robots\" content=\"index, follow, max-snippet:-1, max-image-preview:large, max-video-preview:-1\" \/>\n<link rel=\"canonical\" href=\"https:\/\/onlinemagyariskola.com\/web\/\" \/>\n<meta property=\"og:locale\" content=\"en_US\" \/>\n<meta property=\"og:type\" content=\"article\" \/>\n<meta property=\"og:title\" content=\"Kezd\u0151lap - Online Magyar Iskola\" \/>\n<meta property=\"og:description\" content=\"K\u00fcldet\u00e9s\u00fcnk K\u00fclf\u00f6ld\u00f6n \u00e9l\u0151, magyar gy\u00f6kerekkel rendelkez\u0151 csal\u00e1dok seg\u00edt\u00e9se a magyar [&hellip;]\" \/>\n<meta property=\"og:url\" content=\"https:\/\/onlinemagyariskola.com\/web\/\" \/>\n<meta property=\"og:site_name\" content=\"Online Magyar Iskola\" \/>\n<meta property=\"article:modified_time\" content=\"2025-06-16T14:31:36+00:00\" \/>\n<meta property=\"og:image\" content=\"https:\/\/onlinemagyariskola.com\/web\/wp-content\/uploads\/2019\/12\/BeFunky-collage-scaled.jpg\" \/>\n\t<meta property=\"og:image:width\" content=\"2560\" \/>\n\t<meta property=\"og:image:height\" content=\"1707\" \/>\n\t<meta property=\"og:image:type\" content=\"image\/jpeg\" \/>\n<meta name=\"twitter:card\" content=\"summary_large_image\" \/>\n<meta name=\"twitter:label1\" content=\"Est. reading time\" \/>\n\t<meta name=\"twitter:data1\" content=\"3 minutes\" \/>\n<script type=\"application\/ld+json\" class=\"yoast-schema-graph\">{\"@context\":\"https:\/\/schema.org\",\"@graph\":[{\"@type\":\"WebPage\",\"@id\":\"https:\/\/onlinemagyariskola.com\/web\/\",\"url\":\"https:\/\/onlinemagyariskola.com\/web\/\",\"name\":\"Kezd\u0151lap - Online Magyar Iskola\",\"isPartOf\":{\"@id\":\"https:\/\/onlinemagyariskola.com\/web\/#website\"},\"primaryImageOfPage\":{\"@id\":\"https:\/\/onlinemagyariskola.com\/web\/#primaryimage\"},\"image\":{\"@id\":\"https:\/\/onlinemagyariskola.com\/web\/#primaryimage\"},\"thumbnailUrl\":\"https:\/\/onlinemagyariskola.com\/web\/wp-content\/uploads\/2019\/12\/BeFunky-collage-scaled.jpg\",\"datePublished\":\"2019-03-12T14:07:07+00:00\",\"dateModified\":\"2025-06-16T14:31:36+00:00\",\"breadcrumb\":{\"@id\":\"https:\/\/onlinemagyariskola.com\/web\/#breadcrumb\"},\"inLanguage\":\"en-US\",\"potentialAction\":[{\"@type\":\"ReadAction\",\"target\":[\"https:\/\/onlinemagyariskola.com\/web\/\"]}]},{\"@type\":\"ImageObject\",\"inLanguage\":\"en-US\",\"@id\":\"https:\/\/onlinemagyariskola.com\/web\/#primaryimage\",\"url\":\"https:\/\/onlinemagyariskola.com\/web\/wp-content\/uploads\/2019\/12\/BeFunky-collage-scaled.jpg\",\"contentUrl\":\"https:\/\/onlinemagyariskola.com\/web\/wp-content\/uploads\/2019\/12\/BeFunky-collage-scaled.jpg\",\"width\":2560,\"height\":1707},{\"@type\":\"BreadcrumbList\",\"@id\":\"https:\/\/onlinemagyariskola.com\/web\/#breadcrumb\",\"itemListElement\":[{\"@type\":\"ListItem\",\"position\":1,\"name\":\"Home\",\"item\":\"https:\/\/onlinemagyariskola.com\/web\/\"},{\"@type\":\"ListItem\",\"position\":2,\"name\":\"Kezd\u0151lap\"}]},{\"@type\":\"WebSite\",\"@id\":\"https:\/\/onlinemagyariskola.com\/web\/#website\",\"url\":\"https:\/\/onlinemagyariskola.com\/web\/\",\"name\":\"Online Magyar Iskola\",\"description\":\"Your SUPER-powered WP Engine Blog\",\"potentialAction\":[{\"@type\":\"SearchAction\",\"target\":{\"@type\":\"EntryPoint\",\"urlTemplate\":\"https:\/\/onlinemagyariskola.com\/web\/?s={search_term_string}\"},\"query-input\":{\"@type\":\"PropertyValueSpecification\",\"valueRequired\":true,\"valueName\":\"search_term_string\"}}],\"inLanguage\":\"en-US\"}]}<\/script>\n<!-- \/ Yoast SEO plugin. -->","yoast_head_json":{"title":"Kezd\u0151lap - Online Magyar Iskola","robots":{"index":"index","follow":"follow","max-snippet":"max-snippet:-1","max-image-preview":"max-image-preview:large","max-video-preview":"max-video-preview:-1"},"canonical":"https:\/\/onlinemagyariskola.com\/web\/","og_locale":"en_US","og_type":"article","og_title":"Kezd\u0151lap - Online Magyar Iskola","og_description":"K\u00fcldet\u00e9s\u00fcnk K\u00fclf\u00f6ld\u00f6n \u00e9l\u0151, magyar gy\u00f6kerekkel rendelkez\u0151 csal\u00e1dok seg\u00edt\u00e9se a magyar [&hellip;]","og_url":"https:\/\/onlinemagyariskola.com\/web\/","og_site_name":"Online Magyar Iskola","article_modified_time":"2025-06-16T14:31:36+00:00","og_image":[{"width":2560,"height":1707,"url":"https:\/\/onlinemagyariskola.com\/web\/wp-content\/uploads\/2019\/12\/BeFunky-collage-scaled.jpg","type":"image\/jpeg"}],"twitter_card":"summary_large_image","twitter_misc":{"Est. reading time":"3 minutes"},"schema":{"@context":"https:\/\/schema.org","@graph":[{"@type":"WebPage","@id":"https:\/\/onlinemagyariskola.com\/web\/","url":"https:\/\/onlinemagyariskola.com\/web\/","name":"Kezd\u0151lap - Online Magyar Iskola","isPartOf":{"@id":"https:\/\/onlinemagyariskola.com\/web\/#website"},"primaryImageOfPage":{"@id":"https:\/\/onlinemagyariskola.com\/web\/#primaryimage"},"image":{"@id":"https:\/\/onlinemagyariskola.com\/web\/#primaryimage"},"thumbnailUrl":"https:\/\/onlinemagyariskola.com\/web\/wp-content\/uploads\/2019\/12\/BeFunky-collage-scaled.jpg","datePublished":"2019-03-12T14:07:07+00:00","dateModified":"2025-06-16T14:31:36+00:00","breadcrumb":{"@id":"https:\/\/onlinemagyariskola.com\/web\/#breadcrumb"},"inLanguage":"en-US","potentialAction":[{"@type":"ReadAction","target":["https:\/\/onlinemagyariskola.com\/web\/"]}]},{"@type":"ImageObject","inLanguage":"en-US","@id":"https:\/\/onlinemagyariskola.com\/web\/#primaryimage","url":"https:\/\/onlinemagyariskola.com\/web\/wp-content\/uploads\/2019\/12\/BeFunky-collage-scaled.jpg","contentUrl":"https:\/\/onlinemagyariskola.com\/web\/wp-content\/uploads\/2019\/12\/BeFunky-collage-scaled.jpg","width":2560,"height":1707},{"@type":"BreadcrumbList","@id":"https:\/\/onlinemagyariskola.com\/web\/#breadcrumb","itemListElement":[{"@type":"ListItem","position":1,"name":"Home","item":"https:\/\/onlinemagyariskola.com\/web\/"},{"@type":"ListItem","position":2,"name":"Kezd\u0151lap"}]},{"@type":"WebSite","@id":"https:\/\/onlinemagyariskola.com\/web\/#website","url":"https:\/\/onlinemagyariskola.com\/web\/","name":"Online Magyar Iskola","description":"Your SUPER-powered WP Engine Blog","potentialAction":[{"@type":"SearchAction","target":{"@type":"EntryPoint","urlTemplate":"https:\/\/onlinemagyariskola.com\/web\/?s={search_term_string}"},"query-input":{"@type":"PropertyValueSpecification","valueRequired":true,"valueName":"search_term_string"}}],"inLanguage":"en-US"}]}},"_links":{"self":[{"href":"https:\/\/onlinemagyariskola.com\/web\/wp-json\/wp\/v2\/pages\/2","targetHints":{"allow":["GET"]}}],"collection":[{"href":"https:\/\/onlinemagyariskola.com\/web\/wp-json\/wp\/v2\/pages"}],"about":[{"href":"https:\/\/onlinemagyariskola.com\/web\/wp-json\/wp\/v2\/types\/page"}],"author":[{"embeddable":true,"href":"https:\/\/onlinemagyariskola.com\/web\/wp-json\/wp\/v2\/users\/3"}],"replies":[{"embeddable":true,"href":"https:\/\/onlinemagyariskola.com\/web\/wp-json\/wp\/v2\/comments?post=2"}],"version-history":[{"count":62,"href":"https:\/\/onlinemagyariskola.com\/web\/wp-json\/wp\/v2\/pages\/2\/revisions"}],"predecessor-version":[{"id":4457,"href":"https:\/\/onlinemagyariskola.com\/web\/wp-json\/wp\/v2\/pages\/2\/revisions\/4457"}],"wp:featuredmedia":[{"embeddable":true,"href":"https:\/\/onlinemagyariskola.com\/web\/wp-json\/wp\/v2\/media\/1445"}],"wp:attachment":[{"href":"https:\/\/onlinemagyariskola.com\/web\/wp-json\/wp\/v2\/media?parent=2"}],"curies":[{"name":"wp","href":"https:\/\/api.w.org\/{rel}","templated":true}]}}