{"id":1402,"date":"2019-12-16T15:43:12","date_gmt":"2019-12-16T15:43:12","guid":{"rendered":"https:\/\/onlinemagyariskola.com\/web\/gyik"},"modified":"2020-01-14T21:51:26","modified_gmt":"2020-01-14T21:51:26","slug":"gyik","status":"publish","type":"page","link":"https:\/\/onlinemagyariskola.com\/web\/gyik","title":{"rendered":"GYIK"},"content":{"rendered":"<div id=\"\" class=\"section section--acf-block section--acf-block-text-with-media\">\n    <div class=\"section__background\">\n\t\t    <\/div>\n    <div class=\"container pl-0 pr-0\">\n        <div class=\"row\">\n\t\t\t            <div class=\"col-12\">\n                <div class=\"section__heading\">\n\t\t\t\t\t                <\/div>\n                <div class=\"section__content\">\n\t\t\t\t\t<p><strong><div  class=\"ewd-ufaq-faq-list ewd-ufaq-page-type-load_more ewd-ufaq-category-tabs-\" id='ewd-ufaq-faq-list'>\n\n\t<input type='hidden' name='show_on_load' value='' id='ewd-ufaq-show-on-load' \/>\n<input type='hidden' name='include_category' value='' id='ewd-ufaq-include-category' \/>\n<input type='hidden' name='exclude_category' value='' id='ewd-ufaq-exclude-category' \/>\n<input type='hidden' name='orderby' value='date' id='ewd-ufaq-orderby' \/>\n<input type='hidden' name='order' value='asc' id='ewd-ufaq-order' \/>\n<input type='hidden' name='post_count' value='-1' id='ewd-ufaq-post-count' \/>\n<input type='hidden' name='current_url' value='\/web\/wp-json\/wp\/v2\/pages\/1402' id='ewd-ufaq-current-url' \/>\n\t\n\t\n\t<div class='ewd-ufaq-faqs'>\n\n\t\t<div id='ewd-ufaq-faq-category-beiratkozas' class='ewd-ufaq-faq-category'>\n\t\n\t<div class='ewd-ufaq-faq-category-title '  >\n\t\t\n\t\t<h4 title=\"Click here to open Beiratkoz\u00e1s\">\n\t\t\tBeiratkoz\u00e1s\t\t\t <span>(3)<\/span>\t\t<\/h4>\n\n\t\t\t\n\t<\/div>\n\t\n\t<div class='ewd-ufaq-faq-category-inner ' >\n<div  class=\"ewd-ufaq-faq-div ewd-ufaq-faq-column-count-one ewd-ufaq-faq-responsive-columns- ewd-ufaq-faq-display-style-default ewd-ufaq-can-be-toggled\" id='ewd-ufaq-post-1845-fGXbbo0buj' data-post_id='1845'>\n\n\t\t\n\t<div class='ewd-ufaq-faq-title ewd-ufaq-faq-toggle'>\n\t\n\t<a class='ewd-ufaq-post-margin'  href='#' role=\"button\">\n\n\t\t<div class='ewd-ufaq-post-margin-symbol ewd-ufaq-square'>\n\t\t\t<span >a<\/span>\n\t\t<\/div>\n\n\t\t<div class='ewd-ufaq-faq-title-text'>\n\n\t\t\t<h4>\n\t\t\t\tHogy tudok jelentkezni az Online Magyar Iskol\u00e1ba?\t\t\t<\/h4>\n\n\t\t<\/div>\n\n\t\t<div class='ewd-ufaq-clear'><\/div>\n\n\t<\/a>\n\t\n<\/div>\n\t\n\t<div class='ewd-ufaq-faq-body ewd-ufaq-hidden' >\n\n\t\t\n\t\t\t\n\t\t\n\t\t\t<div class='ewd-ufaq-post-margin ewd-ufaq-faq-post'>\n\t<p>Jelentkezni a weboldalunkon tal\u00e1lhat\u00f3 <a href=\"https:\/\/onlinemagyariskola.com\/application\">\u0171rlap<\/a> kit\u00f6lt\u00e9s\u00e9vel lehets\u00e9ges minden \u00e9vben <strong>j\u00falius 1. \u00e9s augusztus 31. k\u00f6z\u00f6tt.\u00a0<\/strong><\/p>\n<p><strong>Augusztus 31-e ut\u00e1n a jelentkez\u00e9si fel\u00fclet nem el\u00e9rhet\u0151.<\/strong><\/p>\n<p>Els\u0151 l\u00e9p\u00e9sk\u00e9nt felm\u00e9rj\u00fck minden \u00faj jelentkez\u0151 gyermek magyar nyelvtud\u00e1s szintj\u00e9t t\u00e9r\u00edt\u00e9smentesen, egy r\u00f6vid, j\u00e1t\u00e9kos, ismerked\u0151s pr\u00f3ba\u00f3ra keret\u00e9ben. Ezt k\u00f6vet\u0151en megh\u00edv\u00f3t k\u00fcld\u00fcnk az iskol\u00e1ba, melyben megjel\u00f6lj\u00fck az(oka)t a csoporto(ka)t, melye(ke)t javasoln\u00e1nk gyermeked sz\u00e1m\u00e1ra. Ha megfelel az aj\u00e1nlott csoport, akkor online oktat\u00e1si rendszer\u00fcnkben beiratkozhattok. Az els\u0151 \u00f3ra kipr\u00f3b\u00e1l\u00e1s\u00e1ra t\u00e9r\u00edt\u00e9smentesen adunk lehet\u0151s\u00e9get.<\/p>\n<\/div>\n\t\t\n\t\t\t<div class='ewd-ufaq-faq-custom-fields'>\n\n\t\n<\/div>\n\t\t\n\t\t\t\n\t\t\n\t\t\t\n\t\t\n\t\t\t\n\t\t\n\t\t\t\n\t\t\n\t\t\t\n\t\t\n\t\t\t\n\t\t\n\t\t\t<div class='ewd-ufaq-back-to-top'>\n\t\n\t<a class='ewd-ufaq-back-to-top-link'>\n\t\tBack to Top\t<\/a>\n\n<\/div>\n\t\t\n\t<\/div>\n\n<\/div><div  class=\"ewd-ufaq-faq-div ewd-ufaq-faq-column-count-one ewd-ufaq-faq-responsive-columns- ewd-ufaq-faq-display-style-default ewd-ufaq-can-be-toggled\" id='ewd-ufaq-post-1846-iRDu6dw721' data-post_id='1846'>\n\n\t\t\n\t<div class='ewd-ufaq-faq-title ewd-ufaq-faq-toggle'>\n\t\n\t<a class='ewd-ufaq-post-margin'  href='#' role=\"button\">\n\n\t\t<div class='ewd-ufaq-post-margin-symbol ewd-ufaq-square'>\n\t\t\t<span >a<\/span>\n\t\t<\/div>\n\n\t\t<div class='ewd-ufaq-faq-title-text'>\n\n\t\t\t<h4>\n\t\t\t\tElkezd\u0151d\u00f6tt a f\u00e9l\u00e9v, be tudok m\u00e9g csatlakozni?\t\t\t<\/h4>\n\n\t\t<\/div>\n\n\t\t<div class='ewd-ufaq-clear'><\/div>\n\n\t<\/a>\n\t\n<\/div>\n\t\n\t<div class='ewd-ufaq-faq-body ewd-ufaq-hidden' >\n\n\t\t\n\t\t\t\n\t\t\n\t\t\t<div class='ewd-ufaq-post-margin ewd-ufaq-faq-post'>\n\t<p><strong>Nem javasoljuk<\/strong>, \u00e9s &#8211; az oktat\u00e1s folytat\u00f3lagoss\u00e1ga, valamint a csoportok tel\u00edtetts\u00e9ge miatt &#8211; sok esetben nincs is lehet\u0151s\u00e9g bekapcsol\u00f3dni a csoportok munk\u00e1j\u00e1ba a tan\u00e9v els\u0151 2-3 het\u00e9t k\u00f6vet\u0151en.<\/p>\n<p><strong>\u00daj jelentkez\u00e9sek<\/strong>et minden \u00e9vben <strong>j\u00falius 1. \u00e9s augusztus 31. k\u00f6z\u00f6tt<\/strong> fogadunk, \u00edgy van lehet\u0151s\u00e9g\u00fcnk a tan\u00e9v kezd\u00e9s\u00e9ig mindenkivel pr\u00f3ba\u00f3r\u00e1t tartani. Sz\u00fcks\u00e9g eset\u00e9n \u00e9s megfelel\u0151 l\u00e9tsz\u00e1m mellett \u00faj csoportokat is ind\u00edtunk. <strong>Augusztus 31-e ut\u00e1n a jelentkez\u00e9si fel\u00fclet nem el\u00e9rhet\u0151.<\/strong><\/p>\n<\/div>\n\t\t\n\t\t\t<div class='ewd-ufaq-faq-custom-fields'>\n\n\t\n<\/div>\n\t\t\n\t\t\t\n\t\t\n\t\t\t\n\t\t\n\t\t\t\n\t\t\n\t\t\t\n\t\t\n\t\t\t\n\t\t\n\t\t\t\n\t\t\n\t\t\t<div class='ewd-ufaq-back-to-top'>\n\t\n\t<a class='ewd-ufaq-back-to-top-link'>\n\t\tBack to Top\t<\/a>\n\n<\/div>\n\t\t\n\t<\/div>\n\n<\/div><div  class=\"ewd-ufaq-faq-div ewd-ufaq-faq-column-count-one ewd-ufaq-faq-responsive-columns- ewd-ufaq-faq-display-style-default ewd-ufaq-can-be-toggled\" id='ewd-ufaq-post-1847-ZeMfoE5Plo' data-post_id='1847'>\n\n\t\t\n\t<div class='ewd-ufaq-faq-title ewd-ufaq-faq-toggle'>\n\t\n\t<a class='ewd-ufaq-post-margin'  href='#' role=\"button\">\n\n\t\t<div class='ewd-ufaq-post-margin-symbol ewd-ufaq-square'>\n\t\t\t<span >a<\/span>\n\t\t<\/div>\n\n\t\t<div class='ewd-ufaq-faq-title-text'>\n\n\t\t\t<h4>\n\t\t\t\tMi\u00e9rt van a gyerekem v\u00e1r\u00f3list\u00e1n?\t\t\t<\/h4>\n\n\t\t<\/div>\n\n\t\t<div class='ewd-ufaq-clear'><\/div>\n\n\t<\/a>\n\t\n<\/div>\n\t\n\t<div class='ewd-ufaq-faq-body ewd-ufaq-hidden' >\n\n\t\t\n\t\t\t\n\t\t\n\t\t\t<div class='ewd-ufaq-post-margin ewd-ufaq-faq-post'>\n\t<p>A beiratkoz\u00e1si id\u0151szakban a di\u00e1kok el\u0151sz\u00f6r minden esetben v\u00e1r\u00f3list\u00e1ra ker\u00fclnek. Ha a jelentkez\u0151k sz\u00e1ma el\u00e9ri az indul\u00e1shoz sz\u00fcks\u00e9ges minimum l\u00e9tsz\u00e1mot az adott csoportban, akkor v\u00e9gleges\u00edtj\u00fck a beiratkoz\u00e1sokat. Gyermeketek st\u00e1tusz\u00e1t b\u00e1rmikor ellen\u0151rizhetitek bels\u0151 rendszer\u00fcnkben, az &#8220;Iskola&#8221; men\u00fcpontban.<\/p>\n<\/div>\n\t\t\n\t\t\t<div class='ewd-ufaq-faq-custom-fields'>\n\n\t\n<\/div>\n\t\t\n\t\t\t\n\t\t\n\t\t\t\n\t\t\n\t\t\t\n\t\t\n\t\t\t\n\t\t\n\t\t\t\n\t\t\n\t\t\t\n\t\t\n\t\t\t<div class='ewd-ufaq-back-to-top'>\n\t\n\t<a class='ewd-ufaq-back-to-top-link'>\n\t\tBack to Top\t<\/a>\n\n<\/div>\n\t\t\n\t<\/div>\n\n<\/div><\/div>\n\n<\/div>\n<div id='ewd-ufaq-faq-category-kepzes' class='ewd-ufaq-faq-category'>\n\t\n\t<div class='ewd-ufaq-faq-category-title '  >\n\t\t\n\t\t<h4 title=\"Click here to open Oktat\u00e1s\">\n\t\t\tOktat\u00e1s\t\t\t <span>(5)<\/span>\t\t<\/h4>\n\n\t\t\t\n\t<\/div>\n\t\n\t<div class='ewd-ufaq-faq-category-inner ' >\n<div  class=\"ewd-ufaq-faq-div ewd-ufaq-faq-column-count-one ewd-ufaq-faq-responsive-columns- ewd-ufaq-faq-display-style-default ewd-ufaq-can-be-toggled\" id='ewd-ufaq-post-1848-2eT3oOW0EE' data-post_id='1848'>\n\n\t\t\n\t<div class='ewd-ufaq-faq-title ewd-ufaq-faq-toggle'>\n\t\n\t<a class='ewd-ufaq-post-margin'  href='#' role=\"button\">\n\n\t\t<div class='ewd-ufaq-post-margin-symbol ewd-ufaq-square'>\n\t\t\t<span >a<\/span>\n\t\t<\/div>\n\n\t\t<div class='ewd-ufaq-faq-title-text'>\n\n\t\t\t<h4>\n\t\t\t\tMilyen tant\u00e1rgyakat tanulhat a gyerekem az Online Magyar Iskol\u00e1ban?\t\t\t<\/h4>\n\n\t\t<\/div>\n\n\t\t<div class='ewd-ufaq-clear'><\/div>\n\n\t<\/a>\n\t\n<\/div>\n\t\n\t<div class='ewd-ufaq-faq-body ewd-ufaq-hidden' >\n\n\t\t\n\t\t\t\n\t\t\n\t\t\t<div class='ewd-ufaq-post-margin ewd-ufaq-faq-post'>\n\t<p><strong>Zeneovi:<\/strong>\u00a0f\u00e9l\u00f3r\u00e1s foglalkoz\u00e1s \u00f3vod\u00e1s kor\u00fa gyermekek sz\u00e1m\u00e1ra. A csoportok c\u00e9lja, hogy a sz\u00fcl\u0151k akt\u00edv r\u00e9szv\u00e9tel\u00e9vel megismertess\u00fck a kicsiket a magyar mond\u00f3k\u00e1kkal \u00e9s gyerekdalokkal, \u00f6sszekapcsolva a j\u00e1t\u00e9kot \u00e9s a tanul\u00e1st.<\/p>\n<p><strong>Sz\u00f3kincsb\u0151v\u00edt\u00e9s:<\/strong>\u00a0j\u00e1t\u00e9kos foglalkoz\u00e1sok mond\u00f3k\u00e1kkal, mes\u00e9kkel, dalokkal \u00e9s interakt\u00edv j\u00e1t\u00e9kokkal.<\/p>\n<p><strong>Besz\u00e9dfejleszt\u00e9s:<\/strong>\u00a0j\u00e1t\u00e9kos \u00e9s interakt\u00edv \u00f3r\u00e1k, melyek seg\u00edtik a di\u00e1kok sz\u00f3kincs\u00e9nek b\u0151v\u00edt\u00e9s\u00e9t, nagyobb hangs\u00falyt fektetve a magyar besz\u00e9dhangz\u00f3k fejleszt\u00e9s\u00e9re.<\/p>\n<p><strong>\u00cdr\u00e1s-olvas\u00e1s:<\/strong>\u00a0seg\u00edtj\u00fck a di\u00e1koknak elsaj\u00e1t\u00edtani a magyar ABC bet\u0171it, az \u00edr\u00e1st, illetve foly\u00f3\u00edr\u00e1st. Az olvas\u00e1st hagyom\u00e1nyos, sz\u00f3tagol\u00f3 m\u00f3dszerrel tan\u00edtjuk. Az \u00f3r\u00e1k keretein bel\u00fcl elkezdj\u00fck megismertetni vel\u00fck Magyarorsz\u00e1g t\u00f6rt\u00e9nelm\u00e9t, f\u00f6ldrajz\u00e1t \u00e9s n\u00e9pi kult\u00far\u00e1j\u00e1t is.<\/p>\n<p><strong>K\u00f6zismereti el\u0151k\u00e9sz\u00edt\u0151:<\/strong>\u00a0alapszint\u0171 magyar irodalom \u00e9s nyelvtan, k\u00f6rnyezet- \u00e9s orsz\u00e1gismeret, valamint t\u00f6rt\u00e9nelem oktat\u00e1sa als\u00f3 tagozatos kor\u00fa gyermekek r\u00e9sz\u00e9re, melynek c\u00e9lja az \u00e9rt\u0151 sz\u00f6vegolvas\u00e1s fejleszt\u00e9se, valamint egyszer\u0171bb t\u00e9m\u00e1k feldolgoz\u00e1sa.<\/p>\n<p><strong>K\u00f6zismereti tant\u00e1rgyak:<\/strong>\u00a0heti v\u00e1lt\u00e1sban tartunk magyar irodalom \u00e9s nyelvtan, t\u00f6rt\u00e9nelem, f\u00f6ldrajz \u00e9s n\u00e9prajz \u00f3r\u00e1kat interakt\u00edv, j\u00e1t\u00e9kos form\u00e1ban.<\/p>\n<p><strong>Olvas\u00f3klub<\/strong>: t\u00e1rsalg\u00f3 \u00e9s olvas\u00f3 csoport tizen\u00e9veseknek, \u00e9rdekes t\u00e9m\u00e1kkal, k\u00f6nyvekkel \u00e9s versekkel. A klub c\u00e9lja, hogy a tin\u00e9dzser korban l\u00e9v\u0151 gyerekek k\u00f6tetlen\u00fcl besz\u00e9lgethessenek egym\u00e1ssal az \u0151ket \u00e9rdekl\u0151 olvasm\u00e1nyokr\u00f3l \u00e9s k\u00e9rd\u00e9sekr\u0151l.<\/p>\n<p><strong>MID \u2013 magyar mint idegen nyelv:<\/strong> azok sz\u00e1m\u00e1ra, akik csak most kezdenek ismerkedni a magyar nyelvvel, szint\u00e9n ind\u00edtunk csoportokat minden koroszt\u00e1lyban. A 2020\/21-es tan\u00e9vben \u00faj elemk\u00e9nt megjelentek \u00f3rarend\u00fcnkben a\u00a0<strong>feln\u0151tteknek<\/strong>\u00a0sz\u00f3l\u00f3\u00a0<strong><a href=\"https:\/\/onlinemagyariskola.com\/web\/oktatas\/hungarian-classes-for-adults\">magyar mint idegen nyelv kurzusok<\/a><\/strong>\u00a0is, amelyek kezd\u0151 \u00e9s halad\u00f3 szinten egyar\u00e1nt el\u00e9rhet\u0151ek.<\/p>\n<p><strong>Ovimatek:<\/strong> j\u00e1t\u00e9kos matematika 4-6 \u00e9vesek sz\u00e1m\u00e1ra a logikus gondolkod\u00e1s fejleszt\u00e9s\u00e9re.<\/p>\n<p><strong><a href=\"https:\/\/onlinemagyariskola.com\/web\/oktatas\/matematika-tehetseggondozo-program\">Matematika Tehets\u00e9ggondoz\u00f3 Program<\/a><\/strong>: kiv\u00e1l\u00f3 magyar matematika professzorok vezet\u00e9s\u00e9vel 8-t\u00f3l 14 \u00e9ves korig k\u00edv\u00e1njuk seg\u00edteni a matematika ir\u00e1nt fog\u00e9kony gyermekek tehets\u00e9g\u00e9nek kibontakoztat\u00e1s\u00e1t. A program c\u00e9lja, hogy biztos\u00edtsa a tehets\u00e9ges tanul\u00f3k fejl\u0151d\u00e9s\u00e9t komplex tehets\u00e9gfejleszt\u0151 feladatokon kereszt\u00fcl, ami fejleszti a tanul\u00f3k gondolkod\u00e1s\u00e1t \u00e9s kreat\u00edv probl\u00e9mamegold\u00f3 k\u00e9pess\u00e9g\u00e9t.<\/p>\n<p><strong>J\u00e1t\u00e9kos fizika:<\/strong> sz\u00f3rakoztat\u00f3 fizika \u00f3ra sok k\u00eds\u00e9rlettel 8-14 \u00e9ves gyerekek r\u00e9sz\u00e9re, j\u00e1t\u00e9kos tanul\u00e1s, kreativit\u00e1s- \u00e9s sz\u00f3kincsfejleszt\u00e9s.<\/p>\n<\/div>\n\t\t\n\t\t\t<div class='ewd-ufaq-faq-custom-fields'>\n\n\t\n<\/div>\n\t\t\n\t\t\t\n\t\t\n\t\t\t\n\t\t\n\t\t\t\n\t\t\n\t\t\t\n\t\t\n\t\t\t\n\t\t\n\t\t\t\n\t\t\n\t\t\t<div class='ewd-ufaq-back-to-top'>\n\t\n\t<a class='ewd-ufaq-back-to-top-link'>\n\t\tBack to Top\t<\/a>\n\n<\/div>\n\t\t\n\t<\/div>\n\n<\/div><div  class=\"ewd-ufaq-faq-div ewd-ufaq-faq-column-count-one ewd-ufaq-faq-responsive-columns- ewd-ufaq-faq-display-style-default ewd-ufaq-can-be-toggled\" id='ewd-ufaq-post-1849-Dasscu9HJi' data-post_id='1849'>\n\n\t\t\n\t<div class='ewd-ufaq-faq-title ewd-ufaq-faq-toggle'>\n\t\n\t<a class='ewd-ufaq-post-margin'  href='#' role=\"button\">\n\n\t\t<div class='ewd-ufaq-post-margin-symbol ewd-ufaq-square'>\n\t\t\t<span >a<\/span>\n\t\t<\/div>\n\n\t\t<div class='ewd-ufaq-faq-title-text'>\n\n\t\t\t<h4>\n\t\t\t\tMekkora a csoportok l\u00e9tsz\u00e1ma?\t\t\t<\/h4>\n\n\t\t<\/div>\n\n\t\t<div class='ewd-ufaq-clear'><\/div>\n\n\t<\/a>\n\t\n<\/div>\n\t\n\t<div class='ewd-ufaq-faq-body ewd-ufaq-hidden' >\n\n\t\t\n\t\t\t\n\t\t\n\t\t\t<div class='ewd-ufaq-post-margin ewd-ufaq-faq-post'>\n\t<p>Az \u00e9lm\u00e9nyalap\u00fa \u00e9s hat\u00e9kony tanul\u00e1s \u00e9rdek\u00e9ben kis l\u00e9tsz\u00e1m\u00fa csoportokkal dolgozunk. A csoportok pontos l\u00e9tsz\u00e1ma f\u00fcgg a koroszt\u00e1lyt\u00f3l, a gyerekek nyelvtud\u00e1sszintj\u00e9t\u0151l \u00e9s az id\u0151z\u00f3n\u00e1t\u00f3l (\u00e1tlagosan 4-8 f\u0151).<\/p>\n<\/div>\n\t\t\n\t\t\t<div class='ewd-ufaq-faq-custom-fields'>\n\n\t\n<\/div>\n\t\t\n\t\t\t\n\t\t\n\t\t\t\n\t\t\n\t\t\t\n\t\t\n\t\t\t\n\t\t\n\t\t\t\n\t\t\n\t\t\t\n\t\t\n\t\t\t<div class='ewd-ufaq-back-to-top'>\n\t\n\t<a class='ewd-ufaq-back-to-top-link'>\n\t\tBack to Top\t<\/a>\n\n<\/div>\n\t\t\n\t<\/div>\n\n<\/div><div  class=\"ewd-ufaq-faq-div ewd-ufaq-faq-column-count-one ewd-ufaq-faq-responsive-columns- ewd-ufaq-faq-display-style-default ewd-ufaq-can-be-toggled\" id='ewd-ufaq-post-1850-quDTgHrmyx' data-post_id='1850'>\n\n\t\t\n\t<div class='ewd-ufaq-faq-title ewd-ufaq-faq-toggle'>\n\t\n\t<a class='ewd-ufaq-post-margin'  href='#' role=\"button\">\n\n\t\t<div class='ewd-ufaq-post-margin-symbol ewd-ufaq-square'>\n\t\t\t<span >a<\/span>\n\t\t<\/div>\n\n\t\t<div class='ewd-ufaq-faq-title-text'>\n\n\t\t\t<h4>\n\t\t\t\tMilyen felszerel\u00e9s sz\u00fcks\u00e9ges az \u00f3r\u00e1khoz?\t\t\t<\/h4>\n\n\t\t<\/div>\n\n\t\t<div class='ewd-ufaq-clear'><\/div>\n\n\t<\/a>\n\t\n<\/div>\n\t\n\t<div class='ewd-ufaq-faq-body ewd-ufaq-hidden' >\n\n\t\t\n\t\t\t\n\t\t\n\t\t\t<div class='ewd-ufaq-post-margin ewd-ufaq-faq-post'>\n\t<p>Az \u00f3r\u00e1khoz az al\u00e1bbi kell\u00e9kek sz\u00fcks\u00e9gesek:<br \/>\n\u2022 sz\u00e1m\u00edt\u00f3g\u00e9p vagy tablet<br \/>\n\u2022 megfelel\u0151 s\u00e1vsz\u00e9less\u00e9g\u0171 internet kapcsolat<br \/>\n\u2022 Skype\/Zoom program<br \/>\n\u2022 csendes, nyugodt k\u00f6rnyezet, ahol a gyerek tud koncentr\u00e1lni<br \/>\n\u2022 pap\u00edr, f\u00fczet, ceruza, \u00edr\u00f3t\u00e1bla, filctoll stb.<br \/>\n<a href=\"https:\/\/onlinemagyariskola.com\/web\/wp-content\/uploads\/2022\/09\/Szuloi-kisokos.pdf\">Sz\u00fcl\u0151i kisokosunk<\/a> seg\u00edt felk\u00e9sz\u00fclni a tan\u00f3r\u00e1kra, \u00e9s hasznos tippeket, tan\u00e1csokat ad a min\u00e9l hat\u00e9konyabb Skype\/Zoom besz\u00e9lget\u00e9s el\u00e9r\u00e9s\u00e9hez.<\/p>\n<\/div>\n\t\t\n\t\t\t<div class='ewd-ufaq-faq-custom-fields'>\n\n\t\n<\/div>\n\t\t\n\t\t\t\n\t\t\n\t\t\t\n\t\t\n\t\t\t\n\t\t\n\t\t\t\n\t\t\n\t\t\t\n\t\t\n\t\t\t\n\t\t\n\t\t\t<div class='ewd-ufaq-back-to-top'>\n\t\n\t<a class='ewd-ufaq-back-to-top-link'>\n\t\tBack to Top\t<\/a>\n\n<\/div>\n\t\t\n\t<\/div>\n\n<\/div><div  class=\"ewd-ufaq-faq-div ewd-ufaq-faq-column-count-one ewd-ufaq-faq-responsive-columns- ewd-ufaq-faq-display-style-default ewd-ufaq-can-be-toggled\" id='ewd-ufaq-post-1851-99ZKpcRW29' data-post_id='1851'>\n\n\t\t\n\t<div class='ewd-ufaq-faq-title ewd-ufaq-faq-toggle'>\n\t\n\t<a class='ewd-ufaq-post-margin'  href='#' role=\"button\">\n\n\t\t<div class='ewd-ufaq-post-margin-symbol ewd-ufaq-square'>\n\t\t\t<span >a<\/span>\n\t\t<\/div>\n\n\t\t<div class='ewd-ufaq-faq-title-text'>\n\n\t\t\t<h4>\n\t\t\t\tHogyan zajlanak az \u00f3r\u00e1k?\t\t\t<\/h4>\n\n\t\t<\/div>\n\n\t\t<div class='ewd-ufaq-clear'><\/div>\n\n\t<\/a>\n\t\n<\/div>\n\t\n\t<div class='ewd-ufaq-faq-body ewd-ufaq-hidden' >\n\n\t\t\n\t\t\t\n\t\t\n\t\t\t<div class='ewd-ufaq-post-margin ewd-ufaq-faq-post'>\n\t<p>J\u00e1t\u00e9kos, interakt\u00edv \u00f3r\u00e1inkat Zoom-on vagy Teams-en kereszt\u00fcl tartjuk. Iskol\u00e1nk az \u00e9vek sor\u00e1n kialak\u00edtotta saj\u00e1t tanterv\u00e9t, amelyet rugalmasan igaz\u00edtunk a gyerekek \u00e9rdekl\u0151d\u00e9s\u00e9hez \u00e9s a csal\u00e1dok ig\u00e9nyeihez. A tantervet a saj\u00e1t fejleszt\u00e9s\u0171 online oktat\u00e1si rendszer\u00fcnkben l\u00e1thatj\u00e1k beiratkozott di\u00e1kjaink. Itt \u00e9rhet\u0151ek el az \u00f3r\u00e1k anyagai is, valamint az otthoni gyakorl\u00e1shoz k\u00e9sz\u00edtett feladatok, melyek megold\u00e1sai szint\u00e9n felt\u00f6lthet\u0151ek, ezeket a program szm\u00e1jlikkal jutalmazza.<\/p>\n<\/div>\n\t\t\n\t\t\t<div class='ewd-ufaq-faq-custom-fields'>\n\n\t\n<\/div>\n\t\t\n\t\t\t\n\t\t\n\t\t\t\n\t\t\n\t\t\t\n\t\t\n\t\t\t\n\t\t\n\t\t\t\n\t\t\n\t\t\t\n\t\t\n\t\t\t<div class='ewd-ufaq-back-to-top'>\n\t\n\t<a class='ewd-ufaq-back-to-top-link'>\n\t\tBack to Top\t<\/a>\n\n<\/div>\n\t\t\n\t<\/div>\n\n<\/div><div  class=\"ewd-ufaq-faq-div ewd-ufaq-faq-column-count-one ewd-ufaq-faq-responsive-columns- ewd-ufaq-faq-display-style-default ewd-ufaq-can-be-toggled\" id='ewd-ufaq-post-2567-C165m29pqo' data-post_id='2567'>\n\n\t\t\n\t<div class='ewd-ufaq-faq-title ewd-ufaq-faq-toggle'>\n\t\n\t<a class='ewd-ufaq-post-margin'  href='#' role=\"button\">\n\n\t\t<div class='ewd-ufaq-post-margin-symbol ewd-ufaq-square'>\n\t\t\t<span >a<\/span>\n\t\t<\/div>\n\n\t\t<div class='ewd-ufaq-faq-title-text'>\n\n\t\t\t<h4>\n\t\t\t\tH\u00e1ny percesek az \u00f3r\u00e1k?\t\t\t<\/h4>\n\n\t\t<\/div>\n\n\t\t<div class='ewd-ufaq-clear'><\/div>\n\n\t<\/a>\n\t\n<\/div>\n\t\n\t<div class='ewd-ufaq-faq-body ewd-ufaq-hidden' >\n\n\t\t\n\t\t\t\n\t\t\n\t\t\t<div class='ewd-ufaq-post-margin ewd-ufaq-faq-post'>\n\t\n<p>Minden csoportunkban hetente egyszer tartunk \u00f3r\u00e1t, egy foglalkoz\u00e1s 60 perces. A Baba-mama csoport, a Zeneovi, illetve az \u00f3rarendben k\u00fcl\u00f6n jel\u00f6lt \u00f3r\u00e1k id\u0151tartama 30 perc.<\/p>\n<\/div>\n\t\t\n\t\t\t<div class='ewd-ufaq-faq-custom-fields'>\n\n\t\n<\/div>\n\t\t\n\t\t\t\n\t\t\n\t\t\t\n\t\t\n\t\t\t\n\t\t\n\t\t\t\n\t\t\n\t\t\t\n\t\t\n\t\t\t\n\t\t\n\t\t\t<div class='ewd-ufaq-back-to-top'>\n\t\n\t<a class='ewd-ufaq-back-to-top-link'>\n\t\tBack to Top\t<\/a>\n\n<\/div>\n\t\t\n\t<\/div>\n\n<\/div><\/div>\n\n<\/div>\n<div id='ewd-ufaq-faq-category-tandij' class='ewd-ufaq-faq-category'>\n\t\n\t<div class='ewd-ufaq-faq-category-title '  >\n\t\t\n\t\t<h4 title=\"Click here to open Tand\u00edj\">\n\t\t\tTand\u00edj\t\t\t <span>(3)<\/span>\t\t<\/h4>\n\n\t\t\t\n\t<\/div>\n\t\n\t<div class='ewd-ufaq-faq-category-inner ' >\n<div  class=\"ewd-ufaq-faq-div ewd-ufaq-faq-column-count-one ewd-ufaq-faq-responsive-columns- ewd-ufaq-faq-display-style-default ewd-ufaq-can-be-toggled\" id='ewd-ufaq-post-1852-W3SdrUTdQd' data-post_id='1852'>\n\n\t\t\n\t<div class='ewd-ufaq-faq-title ewd-ufaq-faq-toggle'>\n\t\n\t<a class='ewd-ufaq-post-margin'  href='#' role=\"button\">\n\n\t\t<div class='ewd-ufaq-post-margin-symbol ewd-ufaq-square'>\n\t\t\t<span >a<\/span>\n\t\t<\/div>\n\n\t\t<div class='ewd-ufaq-faq-title-text'>\n\n\t\t\t<h4>\n\t\t\t\tMekkora a tand\u00edj \u00f6sszege?\t\t\t<\/h4>\n\n\t\t<\/div>\n\n\t\t<div class='ewd-ufaq-clear'><\/div>\n\n\t<\/a>\n\t\n<\/div>\n\t\n\t<div class='ewd-ufaq-faq-body ewd-ufaq-hidden' >\n\n\t\t\n\t\t\t\n\t\t\n\t\t\t<div class='ewd-ufaq-post-margin ewd-ufaq-faq-post'>\n\t<p>A 60 perces magyar \u00f3r\u00e1k d\u00edja $15 (USD), a 30 perces Zeneovi foglalkoz\u00e1s d\u00edja $9 di\u00e1konk\u00e9nt.<\/p>\n<p>A feln\u0151tt magyar nyelv\u00f3r\u00e1k eset\u00e9ben a t\u00e9r\u00edt\u00e9si d\u00edj $18 (USD)\/\u00f3ra.<\/p>\n<p>A Matematika Tehets\u00e9ggondoz\u00f3 Program d\u00edja: $20 (USD)\/\u00f3ra<\/p>\n<p><em>Az els\u0151 teljes \u00e1ron j\u00e1r\u00f3 gyermek ut\u00e1n minden tov\u00e1bbi gyermek<strong> 10% kedvezm\u00e9ny<\/strong>t kap a tand\u00edjb\u00f3l.<\/em><\/p>\n<p><em>K\u00fcldet\u00e9s\u00fcnk, hogy a diaszp\u00f3r\u00e1ban \u00e9l\u0151 magyar gyerekeknek a vil\u00e1g minden r\u00e9sz\u00e9n biztos\u00edtott legyen a magyartanul\u00e1s. Ezt szem el\u0151tt tartva, az arra r\u00e1szorul\u00f3 gyerekeknek tand\u00edjmentess\u00e9get, illetve tand\u00edj-hozz\u00e1j\u00e1rul\u00e1st biztos\u00edtunk k\u00fcl\u00f6nb\u00f6z\u0151 <a href=\"https:\/\/onlinemagyariskola.com\/web\/wp-content\/uploads\/2023\/08\/OMI-o\u0308szto\u0308ndi\u0301j-program-1.pdf\"><strong>\u00f6szt\u00f6nd\u00edjak<\/strong><\/a>\u00a0form\u00e1j\u00e1ban.<\/em><\/p>\n<\/div>\n\t\t\n\t\t\t<div class='ewd-ufaq-faq-custom-fields'>\n\n\t\n<\/div>\n\t\t\n\t\t\t\n\t\t\n\t\t\t\n\t\t\n\t\t\t\n\t\t\n\t\t\t\n\t\t\n\t\t\t\n\t\t\n\t\t\t\n\t\t\n\t\t\t<div class='ewd-ufaq-back-to-top'>\n\t\n\t<a class='ewd-ufaq-back-to-top-link'>\n\t\tBack to Top\t<\/a>\n\n<\/div>\n\t\t\n\t<\/div>\n\n<\/div><div  class=\"ewd-ufaq-faq-div ewd-ufaq-faq-column-count-one ewd-ufaq-faq-responsive-columns- ewd-ufaq-faq-display-style-default ewd-ufaq-can-be-toggled\" id='ewd-ufaq-post-1853-Z2w4qt6oz4' data-post_id='1853'>\n\n\t\t\n\t<div class='ewd-ufaq-faq-title ewd-ufaq-faq-toggle'>\n\t\n\t<a class='ewd-ufaq-post-margin'  href='#' role=\"button\">\n\n\t\t<div class='ewd-ufaq-post-margin-symbol ewd-ufaq-square'>\n\t\t\t<span >a<\/span>\n\t\t<\/div>\n\n\t\t<div class='ewd-ufaq-faq-title-text'>\n\n\t\t\t<h4>\n\t\t\t\tHogy tudom befizetni a tand\u00edjat?\t\t\t<\/h4>\n\n\t\t<\/div>\n\n\t\t<div class='ewd-ufaq-clear'><\/div>\n\n\t<\/a>\n\t\n<\/div>\n\t\n\t<div class='ewd-ufaq-faq-body ewd-ufaq-hidden' >\n\n\t\t\n\t\t\t\n\t\t\n\t\t\t<div class='ewd-ufaq-post-margin ewd-ufaq-faq-post'>\n\t<p>Tand\u00edj befizet\u00e9s\u00e9re <strong>Paypal<\/strong>-on (<strong>payments@onlinemagyariskola.com<\/strong>) vagy <strong>Zelle<\/strong>-n (<strong>onlinemagyariskola@gmail.com<\/strong>) kereszt\u00fcl van lehet\u0151s\u00e9g.<\/p>\n<p>A <strong>magyar \u00f3r\u00e1k<\/strong> tand\u00edj\u00e1nak befizet\u00e9se <strong>f\u00e9l\u00e9vente egy \u00f6sszegben<\/strong> t\u00f6rt\u00e9nik (a f\u00e9l\u00e9v elej\u00e9n). Az els\u0151 \u00f3ra kipr\u00f3b\u00e1l\u00e1sa minden di\u00e1k sz\u00e1m\u00e1ra t\u00e9r\u00edt\u00e9smentesen biztos\u00edtott, a tand\u00edj \u00e9rtes\u00edt\u0151ket csak az els\u0151 hetet k\u00f6vet\u0151en k\u00fcldj\u00fck ki.<\/p>\n<\/div>\n\t\t\n\t\t\t<div class='ewd-ufaq-faq-custom-fields'>\n\n\t\n<\/div>\n\t\t\n\t\t\t\n\t\t\n\t\t\t\n\t\t\n\t\t\t\n\t\t\n\t\t\t\n\t\t\n\t\t\t\n\t\t\n\t\t\t\n\t\t\n\t\t\t<div class='ewd-ufaq-back-to-top'>\n\t\n\t<a class='ewd-ufaq-back-to-top-link'>\n\t\tBack to Top\t<\/a>\n\n<\/div>\n\t\t\n\t<\/div>\n\n<\/div><div  class=\"ewd-ufaq-faq-div ewd-ufaq-faq-column-count-one ewd-ufaq-faq-responsive-columns- ewd-ufaq-faq-display-style-default ewd-ufaq-can-be-toggled\" id='ewd-ufaq-post-1854-QnituyEcsQ' data-post_id='1854'>\n\n\t\t\n\t<div class='ewd-ufaq-faq-title ewd-ufaq-faq-toggle'>\n\t\n\t<a class='ewd-ufaq-post-margin'  href='#' role=\"button\">\n\n\t\t<div class='ewd-ufaq-post-margin-symbol ewd-ufaq-square'>\n\t\t\t<span >a<\/span>\n\t\t<\/div>\n\n\t\t<div class='ewd-ufaq-faq-title-text'>\n\n\t\t\t<h4>\n\t\t\t\tMik a fizet\u00e9si hat\u00e1rid\u0151k?\t\t\t<\/h4>\n\n\t\t<\/div>\n\n\t\t<div class='ewd-ufaq-clear'><\/div>\n\n\t<\/a>\n\t\n<\/div>\n\t\n\t<div class='ewd-ufaq-faq-body ewd-ufaq-hidden' >\n\n\t\t\n\t\t\t\n\t\t\n\t\t\t<div class='ewd-ufaq-post-margin ewd-ufaq-faq-post'>\n\t<p>A csoportok kipr\u00f3b\u00e1l\u00e1s\u00e1ra mindenkinek lehet\u0151s\u00e9ge van, a tand\u00edj befizet\u00e9s\u00e9nek m\u00f3dj\u00e1r\u00f3l ezt k\u00f6vet\u0151en, a f\u00e9l\u00e9v els\u0151 heteiben k\u00fcld\u00fcnk emailt. A t\u00fcrelmi id\u0151t (1 h\u00e9t) k\u00f6vet\u0151en a tand\u00edjat nem fizet\u0151 gyerekek iskolai tags\u00e1g\u00e1t felf\u00fcggesztj\u00fck addig, am\u00edg a befizet\u00e9s meg nem t\u00f6rt\u00e9nik. Am\u00edg tartoz\u00e1sod van, addig nem iratkozhatsz be a k\u00f6vetkez\u0151 f\u00e9l\u00e9vekre sem. Ha esetleg technikai hiba miatt nem kapt\u00e1l \u00e9rtes\u00edt\u0151 e-mailt a tand\u00edjr\u00f3l, vagy egy\u00e9b okok \u00e1llnak a tand\u00edjfizet\u00e9s elmarad\u00e1s\u00e1nak h\u00e1tter\u00e9ben, k\u00e9rlek, jelezd fel\u00e9nk: payments@onlinemagyariskola.com.<\/p>\n<\/div>\n\t\t\n\t\t\t<div class='ewd-ufaq-faq-custom-fields'>\n\n\t\n<\/div>\n\t\t\n\t\t\t\n\t\t\n\t\t\t\n\t\t\n\t\t\t\n\t\t\n\t\t\t\n\t\t\n\t\t\t\n\t\t\n\t\t\t\n\t\t\n\t\t\t<div class='ewd-ufaq-back-to-top'>\n\t\n\t<a class='ewd-ufaq-back-to-top-link'>\n\t\tBack to Top\t<\/a>\n\n<\/div>\n\t\t\n\t<\/div>\n\n<\/div><\/div>\n\n<\/div>\n\n\t<\/div>\n\n\t\n<\/div><\/strong><\/p>\n                <\/div>\n                <div class=\"section__footer\">\n\t\t\t\t\t                <\/div>\n            <\/div>\n        <\/div>\n    <\/div>\n<\/div>\n","protected":false},"excerpt":{"rendered":"","protected":false},"author":3,"featured_media":0,"parent":0,"menu_order":9,"comment_status":"closed","ping_status":"closed","template":"","meta":{"_exactmetrics_skip_tracking":false,"_exactmetrics_sitenote_active":false,"_exactmetrics_sitenote_note":"","_exactmetrics_sitenote_category":0,"footnotes":""},"class_list":["post-1402","page","type-page","status-publish","hentry"],"acf":[],"yoast_head":"<!-- This site is optimized with the Yoast SEO plugin v26.9 - https:\/\/yoast.com\/product\/yoast-seo-wordpress\/ -->\n<title>GYIK - Online Magyar Iskola<\/title>\n<meta name=\"robots\" content=\"index, follow, max-snippet:-1, max-image-preview:large, max-video-preview:-1\" \/>\n<link rel=\"canonical\" href=\"https:\/\/onlinemagyariskola.com\/web\/gyik\" \/>\n<meta property=\"og:locale\" content=\"en_US\" \/>\n<meta property=\"og:type\" content=\"article\" \/>\n<meta property=\"og:title\" content=\"GYIK - Online Magyar Iskola\" \/>\n<meta property=\"og:url\" content=\"https:\/\/onlinemagyariskola.com\/web\/gyik\" \/>\n<meta property=\"og:site_name\" content=\"Online Magyar Iskola\" \/>\n<meta property=\"article:modified_time\" content=\"2020-01-14T21:51:26+00:00\" \/>\n<meta property=\"og:image\" content=\"https:\/\/onlinemagyariskola.com\/web\/wp-content\/uploads\/2019\/12\/BeFunky-collage-scaled.jpg\" \/>\n\t<meta property=\"og:image:width\" content=\"2560\" \/>\n\t<meta property=\"og:image:height\" content=\"1707\" \/>\n\t<meta property=\"og:image:type\" content=\"image\/jpeg\" \/>\n<meta name=\"twitter:card\" content=\"summary_large_image\" \/>\n<script type=\"application\/ld+json\" class=\"yoast-schema-graph\">{\"@context\":\"https:\/\/schema.org\",\"@graph\":[{\"@type\":\"WebPage\",\"@id\":\"https:\/\/onlinemagyariskola.com\/web\/gyik\",\"url\":\"https:\/\/onlinemagyariskola.com\/web\/gyik\",\"name\":\"GYIK - Online Magyar Iskola\",\"isPartOf\":{\"@id\":\"https:\/\/onlinemagyariskola.com\/web\/#website\"},\"datePublished\":\"2019-12-16T15:43:12+00:00\",\"dateModified\":\"2020-01-14T21:51:26+00:00\",\"breadcrumb\":{\"@id\":\"https:\/\/onlinemagyariskola.com\/web\/gyik#breadcrumb\"},\"inLanguage\":\"en-US\",\"potentialAction\":[{\"@type\":\"ReadAction\",\"target\":[\"https:\/\/onlinemagyariskola.com\/web\/gyik\"]}]},{\"@type\":\"BreadcrumbList\",\"@id\":\"https:\/\/onlinemagyariskola.com\/web\/gyik#breadcrumb\",\"itemListElement\":[{\"@type\":\"ListItem\",\"position\":1,\"name\":\"Home\",\"item\":\"https:\/\/onlinemagyariskola.com\/web\/\"},{\"@type\":\"ListItem\",\"position\":2,\"name\":\"GYIK\"}]},{\"@type\":\"WebSite\",\"@id\":\"https:\/\/onlinemagyariskola.com\/web\/#website\",\"url\":\"https:\/\/onlinemagyariskola.com\/web\/\",\"name\":\"Online Magyar Iskola\",\"description\":\"Your SUPER-powered WP Engine Blog\",\"potentialAction\":[{\"@type\":\"SearchAction\",\"target\":{\"@type\":\"EntryPoint\",\"urlTemplate\":\"https:\/\/onlinemagyariskola.com\/web\/?s={search_term_string}\"},\"query-input\":{\"@type\":\"PropertyValueSpecification\",\"valueRequired\":true,\"valueName\":\"search_term_string\"}}],\"inLanguage\":\"en-US\"}]}<\/script>\n<!-- \/ Yoast SEO plugin. -->","yoast_head_json":{"title":"GYIK - Online Magyar Iskola","robots":{"index":"index","follow":"follow","max-snippet":"max-snippet:-1","max-image-preview":"max-image-preview:large","max-video-preview":"max-video-preview:-1"},"canonical":"https:\/\/onlinemagyariskola.com\/web\/gyik","og_locale":"en_US","og_type":"article","og_title":"GYIK - Online Magyar Iskola","og_url":"https:\/\/onlinemagyariskola.com\/web\/gyik","og_site_name":"Online Magyar Iskola","article_modified_time":"2020-01-14T21:51:26+00:00","og_image":[{"width":2560,"height":1707,"url":"https:\/\/onlinemagyariskola.com\/web\/wp-content\/uploads\/2019\/12\/BeFunky-collage-scaled.jpg","type":"image\/jpeg"}],"twitter_card":"summary_large_image","schema":{"@context":"https:\/\/schema.org","@graph":[{"@type":"WebPage","@id":"https:\/\/onlinemagyariskola.com\/web\/gyik","url":"https:\/\/onlinemagyariskola.com\/web\/gyik","name":"GYIK - Online Magyar Iskola","isPartOf":{"@id":"https:\/\/onlinemagyariskola.com\/web\/#website"},"datePublished":"2019-12-16T15:43:12+00:00","dateModified":"2020-01-14T21:51:26+00:00","breadcrumb":{"@id":"https:\/\/onlinemagyariskola.com\/web\/gyik#breadcrumb"},"inLanguage":"en-US","potentialAction":[{"@type":"ReadAction","target":["https:\/\/onlinemagyariskola.com\/web\/gyik"]}]},{"@type":"BreadcrumbList","@id":"https:\/\/onlinemagyariskola.com\/web\/gyik#breadcrumb","itemListElement":[{"@type":"ListItem","position":1,"name":"Home","item":"https:\/\/onlinemagyariskola.com\/web\/"},{"@type":"ListItem","position":2,"name":"GYIK"}]},{"@type":"WebSite","@id":"https:\/\/onlinemagyariskola.com\/web\/#website","url":"https:\/\/onlinemagyariskola.com\/web\/","name":"Online Magyar Iskola","description":"Your SUPER-powered WP Engine Blog","potentialAction":[{"@type":"SearchAction","target":{"@type":"EntryPoint","urlTemplate":"https:\/\/onlinemagyariskola.com\/web\/?s={search_term_string}"},"query-input":{"@type":"PropertyValueSpecification","valueRequired":true,"valueName":"search_term_string"}}],"inLanguage":"en-US"}]}},"_links":{"self":[{"href":"https:\/\/onlinemagyariskola.com\/web\/wp-json\/wp\/v2\/pages\/1402","targetHints":{"allow":["GET"]}}],"collection":[{"href":"https:\/\/onlinemagyariskola.com\/web\/wp-json\/wp\/v2\/pages"}],"about":[{"href":"https:\/\/onlinemagyariskola.com\/web\/wp-json\/wp\/v2\/types\/page"}],"author":[{"embeddable":true,"href":"https:\/\/onlinemagyariskola.com\/web\/wp-json\/wp\/v2\/users\/3"}],"replies":[{"embeddable":true,"href":"https:\/\/onlinemagyariskola.com\/web\/wp-json\/wp\/v2\/comments?post=1402"}],"version-history":[{"count":6,"href":"https:\/\/onlinemagyariskola.com\/web\/wp-json\/wp\/v2\/pages\/1402\/revisions"}],"predecessor-version":[{"id":1844,"href":"https:\/\/onlinemagyariskola.com\/web\/wp-json\/wp\/v2\/pages\/1402\/revisions\/1844"}],"wp:attachment":[{"href":"https:\/\/onlinemagyariskola.com\/web\/wp-json\/wp\/v2\/media?parent=1402"}],"curies":[{"name":"wp","href":"https:\/\/api.w.org\/{rel}","templated":true}]}}