{"id":1397,"date":"2019-12-16T15:41:13","date_gmt":"2019-12-16T15:41:13","guid":{"rendered":"https:\/\/onlinemagyariskola.com\/web\/oktatas\/tanaraink"},"modified":"2025-09-08T08:23:05","modified_gmt":"2025-09-08T12:23:05","slug":"munkatarsaink","status":"publish","type":"page","link":"https:\/\/onlinemagyariskola.com\/web\/magunkrol\/munkatarsaink","title":{"rendered":"Munkat\u00e1rsaink"},"content":{"rendered":"\n<h4 class=\"wp-block-heading has-text-align-center\">Int\u00e9zm\u00e9nyvezet\u0151k<\/h4>\n\n\n\n<hr class=\"wp-block-separator has-css-opacity\"\/>\n\n\n\n<div class=\"wp-block-media-text alignwide is-stacked-on-mobile is-vertically-aligned-top\" style=\"grid-template-columns:22% auto\"><figure class=\"wp-block-media-text__media\"><img loading=\"lazy\" decoding=\"async\" width=\"484\" height=\"484\" src=\"https:\/\/onlinemagyariskola.com\/web\/wp-content\/uploads\/2020\/04\/3_Tamas_Judit_1563398449.jpg\" alt=\"\" class=\"wp-image-2355 size-full\" srcset=\"https:\/\/onlinemagyariskola.com\/web\/wp-content\/uploads\/2020\/04\/3_Tamas_Judit_1563398449.jpg 484w, https:\/\/onlinemagyariskola.com\/web\/wp-content\/uploads\/2020\/04\/3_Tamas_Judit_1563398449-300x300.jpg 300w, https:\/\/onlinemagyariskola.com\/web\/wp-content\/uploads\/2020\/04\/3_Tamas_Judit_1563398449-150x150.jpg 150w, https:\/\/onlinemagyariskola.com\/web\/wp-content\/uploads\/2020\/04\/3_Tamas_Judit_1563398449-400x400.jpg 400w\" sizes=\"auto, (max-width: 484px) 100vw, 484px\" \/><\/figure><div class=\"wp-block-media-text__content\">\n<p><strong>Tam\u00e1s Judit<\/strong> (igazgat\u00f3, \u00f3vodapedag\u00f3gus, PhD)<\/p>\n\n\n\n<p> Az E\u00f6tv\u00f6s J\u00f3zsef Tan\u00edt\u00f3k\u00e9pz\u0151 F\u0151iskol\u00e1n v\u00e9gzett \u00f3vodapedag\u00f3gus szakon, majd Angli\u00e1ban dolgozott nevel\u0151n\u0151k\u00e9nt 2 \u00e9vig. K\u00e9s\u0151bb a New York \u00e1llambeli buffaloi egyetemen kapott \u00f6szt\u00f6nd\u00edjat, ahol el\u0151bb mesterfokozat\u00fa, majd doktori diplom\u00e1t szerzett pedag\u00f3gi\u00e1b\u00f3l. Az \u00e9vek sor\u00e1n dolgozott Magyarorsz\u00e1gon, Angli\u00e1ban, Amerik\u00e1ban, Bulg\u00e1ri\u00e1ban, Rom\u00e1ni\u00e1ban, Finnorsz\u00e1gban \u00e9s a Cseh K\u00f6zt\u00e1rsas\u00e1gban \u00f3vod\u00e1kt\u00f3l egyetemekig t\u00f6bbf\u00e9le oktat\u00e1si int\u00e9zm\u00e9nyben, de mindig a legkisebb koroszt\u00e1ly \u00e1llt a sz\u00edv\u00e9hez legk\u00f6zelebb.<br>Az amerikai magyar gyerekek oktat\u00e1s\u00e1val \u00e9s a diaszp\u00f3r\u00e1ban \u00e9l\u0151 magyars\u00e1g kultur\u00e1lis programjainak szervez\u00e9s\u00e9vel t\u00f6bb mint 20 \u00e9ve foglalkozik.&nbsp; <\/p>\n<\/div><\/div>\n\n\n\n<hr class=\"wp-block-separator has-text-color has-vivid-red-color has-css-opacity has-vivid-red-background-color has-background\"\/>\n\n\n\n<div class=\"wp-block-media-text alignwide is-stacked-on-mobile is-vertically-aligned-top\" style=\"grid-template-columns:22% auto\"><figure class=\"wp-block-media-text__media\"><img loading=\"lazy\" decoding=\"async\" width=\"1024\" height=\"891\" src=\"https:\/\/onlinemagyariskola.com\/web\/wp-content\/uploads\/2022\/05\/Lantos-Zsuzsa-1-1024x891.jpg\" alt=\"\" class=\"wp-image-3230 size-full\" srcset=\"https:\/\/onlinemagyariskola.com\/web\/wp-content\/uploads\/2022\/05\/Lantos-Zsuzsa-1-1024x891.jpg 1024w, https:\/\/onlinemagyariskola.com\/web\/wp-content\/uploads\/2022\/05\/Lantos-Zsuzsa-1-300x261.jpg 300w, https:\/\/onlinemagyariskola.com\/web\/wp-content\/uploads\/2022\/05\/Lantos-Zsuzsa-1-768x668.jpg 768w, https:\/\/onlinemagyariskola.com\/web\/wp-content\/uploads\/2022\/05\/Lantos-Zsuzsa-1.jpg 1039w\" sizes=\"auto, (max-width: 1024px) 100vw, 1024px\" \/><\/figure><div class=\"wp-block-media-text__content\">\n<p><strong>Lantos Zsuzsa<\/strong> (igazgat\u00f3helyettes, f\u00f6ldrajztan\u00e1r, j\u00f3gaoktat\u00f3)<\/p>\n\n\n\n<p>2017-ig egy budapesti k\u00f6z\u00e9piskol\u00e1ban tan\u00edtott f\u00f6ldrajzot, komplex term\u00e9szettudom\u00e1nyt \u00e9s viselked\u00e9skult\u00far\u00e1t. A di\u00e1koknak rendszeresen szervezett iskol\u00e1n k\u00edv\u00fcli programokat, versenyeket, k\u00f6rnyezetv\u00e9delmi akci\u00f3kat, el\u0151ad\u00e1sokat, besz\u00e9lget\u00e9seket \u00e9s kreat\u00edv foglalkoz\u00e1sokat. Jelenleg New York-ban \u00e9l \u00e9s az Arany J\u00e1nos Magyar Iskol\u00e1ban tan\u00edt h\u00e9tv\u00e9genk\u00e9nt. A tan\u00edt\u00e1s sor\u00e1n igyekszik kreat\u00edvan \u00f6tv\u00f6zni az egyre b\u0151v\u00fcl\u0151 m\u00f3dszertani \u00e9s technikai lehet\u0151s\u00e9geket a j\u00f3l bev\u00e1lt hagyom\u00e1nyos m\u00f3dszerekkel. <\/p>\n\n\n\n<p><em>&#8220;Tan\u00e1rk\u00e9nt azokat a pillanatokat szeretem a legjobban, amikor a k\u00f6z\u00f6s felfedez\u00e9sb\u0151l \u00e9s az egy\u00fctt gondolkod\u00e1sb\u00f3l l\u00e9trej\u00f6n az a var\u00e1zslat, ami a di\u00e1kok szem\u00e9b\u0151l csillog\u00e1st v\u00e1lt ki. Hiszem azt, hogy a j\u00f3 \u00f3ra lelkes\u00edt\u0151, kreat\u00edv \u00e9s gondolat\u00e9breszt\u0151, a j\u00f3 tan\u00e1r-di\u00e1k kapcsolat pedig bizalom- \u00e9s szeretetteljes. Mindig is ennek megval\u00f3s\u00edt\u00e1s\u00e1ra t\u00f6rekszem.&#8221;<\/em><\/p>\n<\/div><\/div>\n\n\n\n<hr class=\"wp-block-separator has-text-color has-vivid-red-color has-css-opacity has-vivid-red-background-color has-background is-style-default\"\/>\n\n\n\n<div class=\"wp-block-media-text alignwide is-stacked-on-mobile is-vertically-aligned-top\" style=\"grid-template-columns:22% auto\"><figure class=\"wp-block-media-text__media\"><img loading=\"lazy\" decoding=\"async\" width=\"1024\" height=\"1018\" src=\"https:\/\/onlinemagyariskola.com\/web\/wp-content\/uploads\/2023\/04\/IMG_4141_edited_edited-e1681752127685-1024x1018.jpg\" alt=\"\" class=\"wp-image-3669 size-full\" srcset=\"https:\/\/onlinemagyariskola.com\/web\/wp-content\/uploads\/2023\/04\/IMG_4141_edited_edited-e1681752127685-1024x1018.jpg 1024w, https:\/\/onlinemagyariskola.com\/web\/wp-content\/uploads\/2023\/04\/IMG_4141_edited_edited-e1681752127685-300x298.jpg 300w, https:\/\/onlinemagyariskola.com\/web\/wp-content\/uploads\/2023\/04\/IMG_4141_edited_edited-e1681752127685-150x150.jpg 150w, https:\/\/onlinemagyariskola.com\/web\/wp-content\/uploads\/2023\/04\/IMG_4141_edited_edited-e1681752127685-768x763.jpg 768w, https:\/\/onlinemagyariskola.com\/web\/wp-content\/uploads\/2023\/04\/IMG_4141_edited_edited-e1681752127685-1536x1526.jpg 1536w, https:\/\/onlinemagyariskola.com\/web\/wp-content\/uploads\/2023\/04\/IMG_4141_edited_edited-e1681752127685-1320x1312.jpg 1320w, https:\/\/onlinemagyariskola.com\/web\/wp-content\/uploads\/2023\/04\/IMG_4141_edited_edited-e1681752127685.jpg 1602w\" sizes=\"auto, (max-width: 1024px) 100vw, 1024px\" \/><\/figure><div class=\"wp-block-media-text__content\">\n<p><strong>Oll\u00e1ri-Homor T\u00edmea Szonja<\/strong> (gazdas\u00e1gi igazgat\u00f3, k\u00f6zgazd\u00e1sz)<\/p>\n\n\n\n<p>A Miskolci Egyetemen v\u00e9gzett k\u00f6zgazd\u00e1szk\u00e9nt. Mindig vonzotta a digit\u00e1lis t\u00e9rben val\u00f3 kalandoz\u00e1s, kor\u00e1bbi munk\u00e1i sor\u00e1n rendszerszervez\u0151k\u00e9nt seg\u00e9dkezett \u00f6nkorm\u00e1nyzatok szolg\u00e1ltat\u00f3 jelleg\u0171 \u00fajraszervez\u00e9s\u00e9ben, elektronikus k\u00f6zigazgat\u00e1si rendszerek ki\u00e9p\u00edt\u00e9s\u00e9ben, eur\u00f3pai uni\u00f3s p\u00e1ly\u00e1zatok bead\u00e1s\u00e1ra \u00e9s elb\u00edr\u00e1l\u00e1s\u00e1ra alkalmas szoftverek kifejleszt\u00e9s\u00e9ben. 2017 \u00f3ta \u00e9l csal\u00e1dj\u00e1val az Egyes\u00fclt \u00c1llamokban, \u00edgy tal\u00e1lt r\u00e1 az Online Magyar Iskol\u00e1ra. Eleinte csak sz\u00fcl\u0151k\u00e9nt, 2019-t\u0151l pedig m\u00e1r gazdas\u00e1gi igazgat\u00f3k\u00e9nt seg\u00edti az OMI m\u0171k\u00f6d\u00e9s\u00e9t (p\u00e1ly\u00e1zat\u00edr\u00e1s, mindennapi \u00fcgyviteli- \u00e9s adminisztr\u00e1ci\u00f3s munk\u00e1k, a weboldal \u00e9s az iskola saj\u00e1t e-learning rendszer\u00e9nek fejleszt\u00e9se, karbantart\u00e1sa). <\/p>\n<\/div><\/div>\n\n\n\n<h4 class=\"wp-block-heading has-text-align-center\">Tantest\u00fclet<\/h4>\n\n\n\n<hr class=\"wp-block-separator has-css-opacity\"\/>\n\n\n\n<div class=\"wp-block-media-text alignwide is-stacked-on-mobile is-vertically-aligned-top\" style=\"grid-template-columns:22% auto\"><figure class=\"wp-block-media-text__media\"><img loading=\"lazy\" decoding=\"async\" width=\"1024\" height=\"966\" src=\"https:\/\/onlinemagyariskola.com\/web\/wp-content\/uploads\/2021\/06\/received_684755572416968-1-e1623676825181-1024x966.jpeg\" alt=\"\" class=\"wp-image-2853 size-full\" srcset=\"https:\/\/onlinemagyariskola.com\/web\/wp-content\/uploads\/2021\/06\/received_684755572416968-1-e1623676825181-1024x966.jpeg 1024w, https:\/\/onlinemagyariskola.com\/web\/wp-content\/uploads\/2021\/06\/received_684755572416968-1-e1623676825181-300x283.jpeg 300w, https:\/\/onlinemagyariskola.com\/web\/wp-content\/uploads\/2021\/06\/received_684755572416968-1-e1623676825181-768x724.jpeg 768w, https:\/\/onlinemagyariskola.com\/web\/wp-content\/uploads\/2021\/06\/received_684755572416968-1-e1623676825181.jpeg 1234w\" sizes=\"auto, (max-width: 1024px) 100vw, 1024px\" \/><\/figure><div class=\"wp-block-media-text__content\">\n<p><strong>Ballag\u00f3 M\u00f3nika<\/strong> (diplom\u00e1s tan\u00edt\u00f3, n\u00e9met nemzetis\u00e9gi tan\u00edt\u00f3)<\/p>\n\n\n\n<p>A v\u00e1ci Apor Vilmos Katolikus F\u0151iskola tan\u00edt\u00f3 &#8211; n\u00e9met nemzetis\u00e9gi tan\u00edt\u00f3 szak\u00e1n v\u00e9gzett. Tanulm\u00e1nyai alatt egy \u00e9vig Ausztri\u00e1ban szerzett szakmai tapasztalatokat, majd M\u00fcnchenben dolgozott seg\u00e9dtan\u00edt\u00f3k\u00e9nt. Ezt k\u00f6vet\u0151en tizenegy \u00e9vig Budapesten, n\u00e9met nemzetis\u00e9gi iskol\u00e1ban tan\u00edtott als\u00f3 tagozatos gyerekeket. F\u0151 t\u00e1rgyai k\u00f6z\u00e9 tartoztak a magyar, n\u00e9met, k\u00f6rnyezetismeret, rajz \u00e9s technika. Nagy tapasztalattal rendelkezik gyerekek \u00e9s feln\u0151ttek online tan\u00edt\u00e1s\u00e1ban egyar\u00e1nt, melyet akt\u00edvan sz\u00ednes\u00edt IKT eszk\u00f6z\u00f6k haszn\u00e1lat\u00e1val is.<\/p>\n\n\n\n<p><em>&#8220;Pedag\u00f3gus csal\u00e1db\u00f3l sz\u00e1rmazom, \u00edgy m\u00e1r gyerekkorom \u00f3ta k\u00f6zel \u00e1ll hozz\u00e1m ez a hivat\u00e1s. Mott\u00f3m, hogy nevelni csak szeretettel lehet, mert a gyermekekkel val\u00f3 meghitt kapcsolat a j\u00f3 \u00e9s eredm\u00e9nyes munka alapja. Nyugodt, bar\u00e1ts\u00e1gos l\u00e9gk\u00f6rben, j\u00e1t\u00e9kos m\u00f3dszerekkel szeretn\u00e9m el\u00e9rni, hogy di\u00e1kjaim \u00f6r\u00f6mmel tanuljanak \u00e9s saj\u00e1t c\u00e9ljuknak tekints\u00e9k a tud\u00e1s megszerz\u00e9s\u00e9t.\u201d<\/em><\/p>\n<\/div><\/div>\n\n\n\n<hr class=\"wp-block-separator has-text-color has-vivid-red-color has-css-opacity has-vivid-red-background-color has-background is-style-default\"\/>\n\n\n\n<div class=\"wp-block-media-text alignwide is-stacked-on-mobile is-vertically-aligned-top\" style=\"grid-template-columns:22% auto\"><figure class=\"wp-block-media-text__media\"><img loading=\"lazy\" decoding=\"async\" width=\"480\" height=\"480\" src=\"https:\/\/onlinemagyariskola.com\/web\/wp-content\/uploads\/2022\/11\/Dubaber-Maria.jpg\" alt=\"\" class=\"wp-image-3539 size-full\" srcset=\"https:\/\/onlinemagyariskola.com\/web\/wp-content\/uploads\/2022\/11\/Dubaber-Maria.jpg 480w, https:\/\/onlinemagyariskola.com\/web\/wp-content\/uploads\/2022\/11\/Dubaber-Maria-300x300.jpg 300w, https:\/\/onlinemagyariskola.com\/web\/wp-content\/uploads\/2022\/11\/Dubaber-Maria-150x150.jpg 150w, https:\/\/onlinemagyariskola.com\/web\/wp-content\/uploads\/2022\/11\/Dubaber-Maria-400x400.jpg 400w\" sizes=\"auto, (max-width: 480px) 100vw, 480px\" \/><\/figure><div class=\"wp-block-media-text__content\">\n<p><strong>Dubab\u00e9r M\u00e1ria<\/strong> (matematika \u00e9s fizika szakos tan\u00e1r)<\/p>\n\n\n\n<p>A Ny\u00edregyh\u00e1zi Egyetemen v\u00e9gzett matematika \u00e9s fizika szakos tan\u00e1rk\u00e9nt, majd az Eszterh\u00e1zy K\u00e1roly Katolikus Egyetemen szakvizsg\u00e1zott. 27 \u00e9vig tan\u00edtott Magyarorsz\u00e1gon \u00e1ltal\u00e1nos iskol\u00e1ban, az elm\u00falt \u00e9vek sor\u00e1n pedig nagy tapasztalatot szerzett k\u00fclf\u00f6ld\u00f6n \u00e9l\u0151 magyar gyerekek oktat\u00e1s\u00e1ban is. Jelenleg New York-ban \u00e9l, \u00e9s h\u00e9tv\u00e9gente az Arany J\u00e1nos Magyar Iskol\u00e1ban is tan\u00edt. <\/p>\n\n\n\n<p><em>&#8220;Minden di\u00e1kban van valamilyen tehets\u00e9g. Az, hogy ez mikor, \u00e9s kinek vagy minek a hat\u00e1s\u00e1ra j\u00f6n el\u0151, nem tudjuk. Egy tan\u00e1r legfontosabb feladata az \u00e9rdekl\u0151d\u00e9s felkelt\u00e9se, amit akkor tud igaz\u00e1n eredm\u00e9nyre vinni, ha \u0151 maga is a saj\u00e1t lelkesed\u00e9s\u00e9t sug\u00e1rozza a magyar\u00e1zataiban a tan\u00edtv\u00e1nyai fel\u00e9.&#8221;<\/em><\/p>\n<\/div><\/div>\n\n\n\n<hr class=\"wp-block-separator has-text-color has-vivid-red-color has-css-opacity has-vivid-red-background-color has-background is-style-default\"\/>\n\n\n\n<div class=\"wp-block-media-text alignwide is-stacked-on-mobile is-vertically-aligned-top\" style=\"grid-template-columns:22% auto\"><figure class=\"wp-block-media-text__media\"><img loading=\"lazy\" decoding=\"async\" width=\"480\" height=\"480\" src=\"https:\/\/onlinemagyariskola.com\/web\/wp-content\/uploads\/2020\/07\/523__Foldi_Anita_1589533857.jpg\" alt=\"\" class=\"wp-image-2403 size-full\" srcset=\"https:\/\/onlinemagyariskola.com\/web\/wp-content\/uploads\/2020\/07\/523__Foldi_Anita_1589533857.jpg 480w, https:\/\/onlinemagyariskola.com\/web\/wp-content\/uploads\/2020\/07\/523__Foldi_Anita_1589533857-300x300.jpg 300w, https:\/\/onlinemagyariskola.com\/web\/wp-content\/uploads\/2020\/07\/523__Foldi_Anita_1589533857-150x150.jpg 150w, https:\/\/onlinemagyariskola.com\/web\/wp-content\/uploads\/2020\/07\/523__Foldi_Anita_1589533857-400x400.jpg 400w\" sizes=\"auto, (max-width: 480px) 100vw, 480px\" \/><\/figure><div class=\"wp-block-media-text__content\">\n<p><strong>F\u00f6ldi Anita<\/strong> (szakvizsg\u00e1zott tan\u00edt\u00f3, \u00f3vodapedag\u00f3gus, szoci\u00e1lpedag\u00f3gus) <\/p>\n\n\n\n<p>A soproni Benedek Elek Pedag\u00f3giai F\u0151iskol\u00e1n v\u00e9gzett \u00f3vodapedag\u00f3gus \u00e9s szoci\u00e1lpedag\u00f3gus szakokon, k\u00f6zben pedig a szeksz\u00e1rdi Illy\u00e9s Gyula Pedag\u00f3giai F\u0151iskol\u00e1n szerzett tan\u00edt\u00f3i diplom\u00e1t. Tizenh\u00e1rom \u00e9vig \u00f3v\u00f3n\u0151k\u00e9nt, hat \u00e9vig als\u00f3 tagozatos tan\u00edt\u00f3k\u00e9nt dolgozott Magyarorsz\u00e1gon. Oszt\u00e1lyf\u0151n\u00f6kk\u00e9nt, t\u00f6bb \u00e9ven \u00e1t nemzetk\u00f6zi eTwinning projekteket val\u00f3s\u00edtott meg az oszt\u00e1lyai \u00e9s m\u00e1s eur\u00f3pai iskol\u00e1k oszt\u00e1lyai k\u00f6z\u00f6tt. Az eTwinninget az Oktat\u00e1si Hivatal munkat\u00e1rsak\u00e9nt, mint Budapest eTwinning nagyk\u00f6vete is k\u00e9pviselte. Hollandi\u00e1ba k\u00f6lt\u00f6z\u00e9se \u00f3ta szerepet v\u00e1llal k\u00fclf\u00f6ld\u00f6n \u00e9l\u0151, magyar gy\u00f6kerekkel rendelkez\u0151 gyerekek oktat\u00e1s\u00e1ban. <\/p>\n\n\n\n<p><em> \u201eA tan\u00edt\u00e1s egyben tanul\u00e1s, \u00e9s egy \u00e9l\u0151 alkot\u00f3i folyamat. Nincs ann\u00e1l izgalmasabb, mint a gyerekekkel k\u00f6z\u00f6sen l\u00e9trehozni, \u00e9s fel\u00e9p\u00edteni egy \u00faj tud\u00e1st j\u00e1t\u00e9kkal, zen\u00e9vel, mes\u00e9vel.\u201d&nbsp; <\/em><\/p>\n<\/div><\/div>\n\n\n\n<hr class=\"wp-block-separator has-text-color has-vivid-red-color has-css-opacity has-vivid-red-background-color has-background is-style-default\"\/>\n\n\n\n<div class=\"wp-block-media-text alignwide is-stacked-on-mobile is-vertically-aligned-top\" style=\"grid-template-columns:22% auto\"><figure class=\"wp-block-media-text__media\"><img loading=\"lazy\" decoding=\"async\" width=\"220\" height=\"220\" src=\"https:\/\/onlinemagyariskola.com\/web\/wp-content\/uploads\/2020\/01\/69844534_2435359106723619_7722565031744765952_n.jpg\" alt=\"\" class=\"wp-image-1696 size-full\" srcset=\"https:\/\/onlinemagyariskola.com\/web\/wp-content\/uploads\/2020\/01\/69844534_2435359106723619_7722565031744765952_n.jpg 220w, https:\/\/onlinemagyariskola.com\/web\/wp-content\/uploads\/2020\/01\/69844534_2435359106723619_7722565031744765952_n-150x150.jpg 150w\" sizes=\"auto, (max-width: 220px) 100vw, 220px\" \/><\/figure><div class=\"wp-block-media-text__content\">\n<p><strong>Jakab Rita<\/strong>  (magyar nyelv- \u00e9s irodalom, t\u00e1rsadalomismeret, vizu\u00e1lis kult\u00fara \u00e9s m\u00e9diaismeret tan\u00e1r)<\/p>\n\n\n\n<p>Magyarorsz\u00e1gon a barcsi Dr\u00e1va V\u00f6lgye K\u00f6z\u00e9piskol\u00e1ban, az \u00c9szak-Keleti \u00c1tj\u00e1r\u00f3 Tudom\u00e1nyos \u00e9s Kultur\u00e1lis Egyes\u00fclet tanoda programj\u00e1ban tan\u00edtott, az Egyes\u00fclt \u00c1llamokban a San Dieg\u00f3-i Magyar H\u00e1z H\u00e9tv\u00e9gi Iskol\u00e1j\u00e1ban, K\u00edn\u00e1ban pedig a Kang Chiao International School 3. oszt\u00e1ly\u00e1nak volt oszt\u00e1lyf\u0151n\u00f6ke. Els\u0151 oszt\u00e1lyt\u00f3l a tizenkettedik oszt\u00e1lyig mindenkit tan\u00edtott.<\/p>\n\n\n\n<p>&#8220;<em>Tan\u00e1ri munk\u00e1m sor\u00e1n kognit\u00edv- \u00e9s \u00e9lm\u00e9nypedag\u00f3gia eszk\u00f6z\u00f6ket \u00f6tv\u00f6z\u00f6k, \u00e9s pr\u00f3b\u00e1lom megszerettetni di\u00e1kjaimmal a tanul\u00e1st, fel\u00e9breszteni \u00e9s \u00f6szt\u00f6n\u00f6zni a benn\u00fck rejl\u0151 kreativit\u00e1st, \u00e9s \u00e1lland\u00f3 gondolkod\u00e1sra buzd\u00edtani \u0151ket.<\/em>&#8220;<\/p>\n<\/div><\/div>\n\n\n\n<hr class=\"wp-block-separator has-text-color has-vivid-red-color has-css-opacity has-vivid-red-background-color has-background is-style-default\"\/>\n\n\n\n<div class=\"wp-block-media-text alignwide is-stacked-on-mobile is-vertically-aligned-top\" style=\"grid-template-columns:22% auto\"><figure class=\"wp-block-media-text__media\"><img loading=\"lazy\" decoding=\"async\" width=\"480\" height=\"480\" src=\"https:\/\/onlinemagyariskola.com\/web\/wp-content\/uploads\/2024\/03\/1334__Jankovszki_Sara_1709154646.jpg\" alt=\"\" class=\"wp-image-4087 size-full\" srcset=\"https:\/\/onlinemagyariskola.com\/web\/wp-content\/uploads\/2024\/03\/1334__Jankovszki_Sara_1709154646.jpg 480w, https:\/\/onlinemagyariskola.com\/web\/wp-content\/uploads\/2024\/03\/1334__Jankovszki_Sara_1709154646-300x300.jpg 300w, https:\/\/onlinemagyariskola.com\/web\/wp-content\/uploads\/2024\/03\/1334__Jankovszki_Sara_1709154646-150x150.jpg 150w, https:\/\/onlinemagyariskola.com\/web\/wp-content\/uploads\/2024\/03\/1334__Jankovszki_Sara_1709154646-400x400.jpg 400w\" sizes=\"auto, (max-width: 480px) 100vw, 480px\" \/><\/figure><div class=\"wp-block-media-text__content\">\n<p><strong>Jankovszki S\u00e1ra<\/strong>  (n\u00e9met, orosz \u00e9s magyar mint idegen nyelv tan\u00e1r)<\/p>\n\n\n\n<p>A Szegedi Tudom\u00e1nyegyetemen \u00e9s az E\u00f6tv\u00f6s Lor\u00e1nd Tudom\u00e1nyegyetemen szerzett tan\u00e1ri diplom\u00e1t. Jelenleg Magyarorsz\u00e1gon tan\u00edt egy gimn\u00e1ziumban f\u0151k\u00e9nt n\u00e9met nyelvet. Emellett online magyar \u00f3r\u00e1kat tart k\u00fclf\u00f6ldieknek, illetve \u00f3vod\u00e1s koroszt\u00e1ly sz\u00e1m\u00e1ra n\u00e9met foglalkoz\u00e1sokat. Cserk\u00e9szm\u00faltj\u00e1b\u00f3l ad\u00f3d\u00f3an sokf\u00e9le koroszt\u00e1llyal foglalkozott m\u00e1r.<\/p>\n\n\n\n<p><em>&#8220;Fontosnak tartom, hogy az idegennyelv-tud\u00e1st ne csak \u00e1tadjam, hanem annak kult\u00far\u00e1j\u00e1t, logik\u00e1j\u00e1t megszerettessem di\u00e1kjaimmal sz\u00e1mos interakt\u00edv j\u00e1t\u00e9k seg\u00edts\u00e9g\u00e9vel. Sz\u00edvesen alkalmazom a kommunikat\u00edv k\u00e9szs\u00e9geket fejleszt\u0151 m\u00f3dszereket, hogy az egym\u00e1s k\u00f6z\u00f6tti interakci\u00f3 k\u00e9szs\u00e9g\u00e9t is meger\u0151s\u00edtsem a di\u00e1kokban.&#8221;<\/em><\/p>\n<\/div><\/div>\n\n\n\n<hr class=\"wp-block-separator has-text-color has-vivid-red-color has-css-opacity has-vivid-red-background-color has-background is-style-default\"\/>\n\n\n\n<div class=\"wp-block-media-text alignwide is-stacked-on-mobile is-vertically-aligned-top\" style=\"grid-template-columns:22% auto\"><figure class=\"wp-block-media-text__media\"><img loading=\"lazy\" decoding=\"async\" width=\"976\" height=\"977\" src=\"https:\/\/onlinemagyariskola.com\/web\/wp-content\/uploads\/2022\/10\/Kali-Barabasi-Hajnalka.jpg\" alt=\"\" class=\"wp-image-3501 size-full\" srcset=\"https:\/\/onlinemagyariskola.com\/web\/wp-content\/uploads\/2022\/10\/Kali-Barabasi-Hajnalka.jpg 976w, https:\/\/onlinemagyariskola.com\/web\/wp-content\/uploads\/2022\/10\/Kali-Barabasi-Hajnalka-300x300.jpg 300w, https:\/\/onlinemagyariskola.com\/web\/wp-content\/uploads\/2022\/10\/Kali-Barabasi-Hajnalka-150x150.jpg 150w, https:\/\/onlinemagyariskola.com\/web\/wp-content\/uploads\/2022\/10\/Kali-Barabasi-Hajnalka-768x769.jpg 768w, https:\/\/onlinemagyariskola.com\/web\/wp-content\/uploads\/2022\/10\/Kali-Barabasi-Hajnalka-400x400.jpg 400w\" sizes=\"auto, (max-width: 976px) 100vw, 976px\" \/><\/figure><div class=\"wp-block-media-text__content\">\n<p><strong>Kali-Barab\u00e1si Hajnalka<\/strong>  (tan\u00edt\u00f3, sz\u00edn\u00e9sz, b\u00e1bm\u0171v\u00e9sz)<\/p>\n\n\n\n<p>A Mihai Eminescu tan\u00edt\u00f3k\u00e9pz\u0151ben v\u00e9gzett Marosv\u00e1s\u00e1rhelyen. A l\u00edceumi \u00e9vei alatt m\u00e1r egy amat\u0151r b\u00e1bcsoportban b\u00e1bozott az oszt\u00e1lyt\u00e1rsaival. A k\u00e9pz\u0151 ut\u00e1n a Marosv\u00e1s\u00e1rhelyi Sz\u00ednm\u0171v\u00e9szeti Egyetem sz\u00edn\u00e9sz szak\u00e1n, majd ugyanitt az alkalmazott b\u00e1b szakon mesterk\u00e9pz\u00e9st v\u00e9gzett.<\/p>\n\n\n\n<p>K\u00f6zel 20 \u00e9ve dolgozik \u00f3vod\u00e1ban, mik\u00f6zben egy koll\u00e9g\u00e1j\u00e1val dr\u00e1ma foglalkoz\u00e1sokat tart \u00f3vod\u00e1soknak, kisiskol\u00e1soknak (oszt\u00e1lytermi sz\u00ednh\u00e1z), valamint &#8211; egy interakt\u00edv b\u00e1bj\u00e1t\u00e9kos m\u00f3dszerrel &#8211; magyar ajk\u00fa \u00f3vod\u00e1s gyerekeknek tan\u00edt rom\u00e1n nyelvet.<\/p>\n\n\n\n<p>&#8220;<em>A b\u00e1bj\u00e1t\u00e9k elk\u00eds\u00e9r a mindennapokban is, csod\u00e1s, var\u00e1zslatos m\u00f3dszernek tartom, mely \u00e1ltal nem csak a gyerekek ny\u00edlnak meg, hanem gyakran a feln\u0151ttek is. Aki belekezd, napr\u00f3l napra tapasztalja meg a b\u00e1bj\u00e1t\u00e9k erej\u00e9t, csak hinni, b\u00edzni kell benne \u00e9s teljes odaad\u00e1ssal j\u00e1tszani. Az eredm\u00e9ny sosem v\u00e1rat mag\u00e1ra.<\/em>\u201d<\/p>\n<\/div><\/div>\n\n\n\n<hr class=\"wp-block-separator has-text-color has-vivid-red-color has-css-opacity has-vivid-red-background-color has-background is-style-default\"\/>\n\n\n\n<div class=\"wp-block-media-text alignwide is-stacked-on-mobile is-vertically-aligned-top\" style=\"grid-template-columns:22% auto\"><figure class=\"wp-block-media-text__media\"><img loading=\"lazy\" decoding=\"async\" width=\"942\" height=\"1024\" src=\"https:\/\/onlinemagyariskola.com\/web\/wp-content\/uploads\/2024\/03\/1709755388436-942x1024.jpeg\" alt=\"\" class=\"wp-image-4093 size-full\" srcset=\"https:\/\/onlinemagyariskola.com\/web\/wp-content\/uploads\/2024\/03\/1709755388436-942x1024.jpeg 942w, https:\/\/onlinemagyariskola.com\/web\/wp-content\/uploads\/2024\/03\/1709755388436-276x300.jpeg 276w, https:\/\/onlinemagyariskola.com\/web\/wp-content\/uploads\/2024\/03\/1709755388436-768x834.jpeg 768w, https:\/\/onlinemagyariskola.com\/web\/wp-content\/uploads\/2024\/03\/1709755388436.jpeg 994w\" sizes=\"auto, (max-width: 942px) 100vw, 942px\" \/><\/figure><div class=\"wp-block-media-text__content\">\n<p><strong>Kasikci Katalin<\/strong>  (magyar nyelv \u00e9s irodalom tan\u00e1r, magyar mint idegen nyelv tan\u00e1r, \u00f3vodapedag\u00f3gus)<\/p>\n\n\n\n<p>Az E\u00f6tv\u00f6s Lor\u00e1nd Tudom\u00e1nyegyetemen v\u00e9gzett magyar nyelv \u00e9s irodalom, illetve magyar mint idegen nyelv szakos tan\u00e1rk\u00e9nt, majd egy budapesti nemzetk\u00f6zi iskol\u00e1ban tan\u00edtott magyart k\u00fcl\u00f6nb\u00f6z\u0151 nyelvi h\u00e1tt\u00e9rrel \u00e9rkez\u0151 gyerekeknek. 2023-ban N\u00e9metorsz\u00e1gban szerzett \u00f3vodapedag\u00f3gusi k\u00e9pes\u00edt\u00e9st. Tipeg\u0151kt\u0151l iskol\u00e1skorig foglalkozik t\u00f6bbnyelv\u0171 gyerekekkel.<\/p>\n\n\n\n<p><em>&#8220;Im\u00e1dok tan\u00edtani \u00e9s \u00faj \u00f6tletekkel el\u0151\u00e1llni. Hiszem, hogy a tanul\u00e1s lehet f\u00e1jdalommentes, mi t\u00f6bb sz\u00f3rakoztat\u00f3. \u00dagy gondolom, hogy az igaz\u00e1n hat\u00e9kony nyelvtanul\u00e1s akkor t\u00f6rt\u00e9nik, amikor j\u00f3form\u00e1n \u00e9szre sem vessz\u00fck, egyszer\u0171en csak megt\u00f6rt\u00e9nik vel\u00fcnk.&#8221;<\/em><\/p>\n<\/div><\/div>\n\n\n\n<hr class=\"wp-block-separator has-text-color has-vivid-red-color has-css-opacity has-vivid-red-background-color has-background is-style-default\"\/>\n\n\n\n<div class=\"wp-block-media-text alignwide is-stacked-on-mobile is-vertically-aligned-top\" style=\"grid-template-columns:22% auto\"><figure class=\"wp-block-media-text__media\"><img loading=\"lazy\" decoding=\"async\" width=\"220\" height=\"220\" src=\"https:\/\/onlinemagyariskola.com\/web\/wp-content\/uploads\/2021\/09\/nagy-regina.jpg\" alt=\"\" class=\"wp-image-3014 size-full\" srcset=\"https:\/\/onlinemagyariskola.com\/web\/wp-content\/uploads\/2021\/09\/nagy-regina.jpg 220w, https:\/\/onlinemagyariskola.com\/web\/wp-content\/uploads\/2021\/09\/nagy-regina-150x150.jpg 150w\" sizes=\"auto, (max-width: 220px) 100vw, 220px\" \/><\/figure><div class=\"wp-block-media-text__content\">\n<p><strong>Nagy Regina<\/strong> (magyar nyelv \u00e9s irodalom, \u00e9nek-zene tan\u00e1r)<\/p>\n\n\n\n<p>A szombathelyi Berzsenyi D\u00e1niel Tan\u00e1rk\u00e9pz\u0151 F\u0151iskol\u00e1n v\u00e9gzett magyar nyelv \u00e9s irodalom \u2013 \u00e9nek-zene szakos tan\u00e1rk\u00e9nt, majd a Debreceni Egyetem m\u0171vel\u0151d\u00e9si \u00e9s feln\u0151ttk\u00e9pz\u00e9si szak\u00e1n szerzett m\u00e1soddiplom\u00e1t. H\u00fasz \u00e9ven kereszt\u00fcl a digit\u00e1lis oktat\u00e1s ter\u00fclet\u00e9n dolgozott szak\u00e9rt\u0151k\u00e9nt, amely sokoldal\u00fa tapasztalatot biztos\u00edtott sz\u00e1m\u00e1ra, a kiemelt p\u00e1ly\u00e1zatok megval\u00f3s\u00edt\u00e1s\u00e1n \u00e1t, eg\u00e9szen a pedag\u00f3gusk\u00e9pz\u00e9sekig. 2019 \u0151sz\u00e9n egy \u00f6szt\u00f6nd\u00edjat elnyerve ker\u00fclt az Egyes\u00fclt Kir\u00e1lys\u00e1gba \u00e9s kezdett el foglalkozni k\u00e9t magyar tanod\u00e1ban is a diaszp\u00f3r\u00e1ban \u00e9l\u0151 gyermekek tan\u00edt\u00e1s\u00e1val, melyet az\u00f3ta hivat\u00e1s\u00e1nak is v\u00e1lasztott. T\u00edz \u00e9vesen kezdett zen\u00e9t tanulni, mely az\u00f3ta is meghat\u00e1roz\u00f3 az \u00e9let\u00e9ben, a n\u00e9pzen\u00e9t\u0151l a klasszikus \u00e9nekl\u00e9sen \u00e1t a k\u00f3rus\u00e9nekl\u00e9sig.<\/p>\n\n\n\n<p><em>\u201eMi\u00f3ta \u00e9n is k\u00fclf\u00f6ld\u00f6n \u00e9lek, az\u00f3ta tapasztalom, hogy ami otthon a legterm\u00e9szetesebb \u2013 hogy a gyerekek megtarts\u00e1k a magyar kult\u00far\u00e1t \u00e9s besz\u00e9lj\u00e9k a nyelvet, mekkora er\u0151fesz\u00edt\u00e9st, odafigyel\u00e9st k\u00edv\u00e1n a csal\u00e1dokt\u00f3l. Ebben szeretn\u00e9k seg\u00edts\u00e9g\u00fckre lenni, az oktat\u00e1s-fejleszt\u00e9s korszer\u0171 lehet\u0151s\u00e9geivel \u00e9s a muzsika \u00f6r\u00f6m\u00e9vel t\u00e1mogatva \u0151ket.\u201d<\/em> <\/p>\n<\/div><\/div>\n\n\n\n<hr class=\"wp-block-separator has-text-color has-vivid-red-color has-css-opacity has-vivid-red-background-color has-background is-style-default\"\/>\n\n\n\n<div class=\"wp-block-media-text alignwide is-stacked-on-mobile is-vertically-aligned-top\" style=\"grid-template-columns:21% auto\"><figure class=\"wp-block-media-text__media\"><img loading=\"lazy\" decoding=\"async\" width=\"697\" height=\"648\" src=\"https:\/\/onlinemagyariskola.com\/web\/wp-content\/uploads\/2025\/08\/IMG-b304492f316d96f661b9fa0b0a0efdd2-V-e1754992193223.jpg\" alt=\"\" class=\"wp-image-4537 size-full\" srcset=\"https:\/\/onlinemagyariskola.com\/web\/wp-content\/uploads\/2025\/08\/IMG-b304492f316d96f661b9fa0b0a0efdd2-V-e1754992193223.jpg 697w, https:\/\/onlinemagyariskola.com\/web\/wp-content\/uploads\/2025\/08\/IMG-b304492f316d96f661b9fa0b0a0efdd2-V-e1754992193223-300x279.jpg 300w\" sizes=\"auto, (max-width: 697px) 100vw, 697px\" \/><\/figure><div class=\"wp-block-media-text__content\">\n<p><strong>Nagyv\u00e1thy Vikt\u00f3ria<\/strong> (tan\u00edt\u00f3, term\u00e9szetismeret tan\u00e1r)<\/p>\n\n\n\n<p>Az ELTE Tan\u00edt\u00f3- \u00e9s \u00d3v\u00f3k\u00e9pz\u0151 F\u0151iskolai Kar\u00e1n v\u00e9gzett. Nyolc \u00e9vet tan\u00edtott Magyarorsz\u00e1gon. 2019-ben k\u00f6lt\u00f6z\u00f6tt csal\u00e1dj\u00e1val Jap\u00e1nba, ahol elkezdte a magyar k\u00f6z\u00f6ss\u00e9g \u00e9p\u00edt\u00e9s\u00e9t \u00e9s megalap\u00edtotta az ott \u00e9l\u0151 magyar gyerekek h\u00e9tv\u00e9gi magyar iskol\u00e1j\u00e1t. A Covid alatt kezdett el online \u00f3r\u00e1kat is tartani. <\/p>\n\n\n\n<p><em>&#8220;K\u00fcldet\u00e9sem az, hogy a magyar nyelv \u00e9s kult\u00fara szeretete megmaradjon hat\u00e1ron t\u00fal is a magyar gy\u00f6kerekkel rendelkez\u0151 gyermekekben. Csod\u00e1latos \u00e9rz\u00e9s harmadik, negyedik gener\u00e1ci\u00f3s magyar sz\u00e1rmaz\u00e1s\u00fa emberrel magyarul besz\u00e9lni.&#8221;<\/em><\/p>\n<\/div><\/div>\n\n\n\n<hr class=\"wp-block-separator has-text-color has-vivid-red-color has-css-opacity has-vivid-red-background-color has-background is-style-default\"\/>\n\n\n\n<div class=\"wp-block-media-text alignwide is-stacked-on-mobile is-vertically-aligned-top\" style=\"grid-template-columns:22% auto\"><figure class=\"wp-block-media-text__media\"><img loading=\"lazy\" decoding=\"async\" width=\"480\" height=\"480\" src=\"https:\/\/onlinemagyariskola.com\/web\/wp-content\/uploads\/2022\/09\/1037__Nemeth_Ildiko_1661937209.jpeg\" alt=\"\" class=\"wp-image-3411 size-full\" srcset=\"https:\/\/onlinemagyariskola.com\/web\/wp-content\/uploads\/2022\/09\/1037__Nemeth_Ildiko_1661937209.jpeg 480w, https:\/\/onlinemagyariskola.com\/web\/wp-content\/uploads\/2022\/09\/1037__Nemeth_Ildiko_1661937209-300x300.jpeg 300w, https:\/\/onlinemagyariskola.com\/web\/wp-content\/uploads\/2022\/09\/1037__Nemeth_Ildiko_1661937209-150x150.jpeg 150w, https:\/\/onlinemagyariskola.com\/web\/wp-content\/uploads\/2022\/09\/1037__Nemeth_Ildiko_1661937209-400x400.jpeg 400w\" sizes=\"auto, (max-width: 480px) 100vw, 480px\" \/><\/figure><div class=\"wp-block-media-text__content\">\n<p><strong>N\u00e9meth Ildik\u00f3<\/strong> (tan\u00edt\u00f3-\u00e9nek szakos tan\u00e1r)<\/p>\n\n\n\n<p>A Csokonai Vit\u00e9z Mih\u00e1ly f\u0151iskol\u00e1n v\u00e9gzett tan\u00edt\u00f3-\u00e9nek szakon.<br>Nyolc \u00e9vig dolgozott als\u00f3 tagozatos tan\u00e1rk\u00e9nt Magyarorsz\u00e1gon \u00e9s vezette az iskola \u00e9nekkar\u00e1t.<br>2008 \u00f3ta \u00e9l New Yorkban \u00e9s 13 \u00e9vig tan\u00edtott a New Brunswick-i Sz\u00e9chenyi Magyar Iskol\u00e1ban. Seg\u00edtette az \u00edr\u00e1s-olvas\u00e1st tan\u00edt\u00f3 koll\u00e9g\u00e1k munk\u00e1j\u00e1t, elk\u00e9sz\u00edtette az iskola sz\u00e1m\u00e1ra az als\u00f3 tagozatos tanmenetet.<\/p>\n\n\n\n<p><em>\u201c A tan\u00edt\u00e1sra sz\u00fcletni kell. Egy j\u00f3 pedag\u00f3gus minden gyermekben megl\u00e1tja a tehets\u00e9get, kihozta bel\u0151l\u00fck a legjobb tud\u00e1st. Megtal\u00e1lja a sz\u00edv\u00fckh\u00f6z vezet\u0151 legr\u00f6videbb utat \u00e9s k\u00f6lcs\u00f6n\u00f6sen b\u00edznak egym\u00e1sban. Mert \u201c j\u00f3l csak a sz\u00edv\u00e9vel l\u00e1t az ember. \u201c<\/em><\/p>\n<\/div><\/div>\n\n\n\n<hr class=\"wp-block-separator has-text-color has-vivid-red-color has-css-opacity has-vivid-red-background-color has-background is-style-default\"\/>\n\n\n\n<div class=\"wp-block-media-text alignwide is-stacked-on-mobile is-vertically-aligned-top\" style=\"grid-template-columns:22% auto\"><figure class=\"wp-block-media-text__media\"><img loading=\"lazy\" decoding=\"async\" width=\"461\" height=\"441\" src=\"https:\/\/onlinemagyariskola.com\/web\/wp-content\/uploads\/2025\/09\/Kep_Sandor_Niki-e1757333821591.jpeg\" alt=\"\" class=\"wp-image-4571 size-full\" srcset=\"https:\/\/onlinemagyariskola.com\/web\/wp-content\/uploads\/2025\/09\/Kep_Sandor_Niki-e1757333821591.jpeg 461w, https:\/\/onlinemagyariskola.com\/web\/wp-content\/uploads\/2025\/09\/Kep_Sandor_Niki-e1757333821591-300x287.jpeg 300w\" sizes=\"auto, (max-width: 461px) 100vw, 461px\" \/><\/figure><div class=\"wp-block-media-text__content\">\n<p><strong>S\u00e1ndor Nikolett<\/strong> (magyar mint idegen nyelv, angol, n\u00e9met, matematika tan\u00e1r \u00e9s andrag\u00f3gus)<\/p>\n\n\n\n<p>A Szegedi Tudom\u00e1nyegyetemen \u00e9s a Nyugat-magyarorsz\u00e1gi Egyetemen v\u00e9gzett angol nyelv \u00e9s kult\u00fara tan\u00e1ri, valamint n\u00e9met nyelv \u00e9s irodalom tan\u00e1ri szakon, majd az E\u00f6tv\u00f6s Lor\u00e1nd Tudom\u00e1nyegyetemen szerezte meg a magyar mint idegen nyelv tan\u00e1ri diplom\u00e1j\u00e1t.<\/p>\n\n\n\n<p>K\u00fcl\u00f6nb\u00f6z\u0151 oktat\u00e1si int\u00e9zm\u00e9nyekben tan\u00edtott az \u00e9vek sor\u00e1n: \u00e1ltal\u00e1nos iskol\u00e1kban, gimn\u00e1ziumokban, a Semmelweis Egyetem Eg\u00e9szs\u00e9gtudom\u00e1nyi Kar\u00e1n, az E\u00f6tv\u00f6s Lor\u00e1nd Tudom\u00e1nyegyetem Magyar Nyelvtudom\u00e1nyi \u00e9s Finnugor Int\u00e9zet\u00e9ben, Nemzeti K\u00f6zszolg\u00e1lati Egyetem Magyar Honv\u00e9ds\u00e9g Altiszti Akad\u00e9mi\u00e1n. A magyar mint idegen nyelvtan\u00edt\u00e1ssal el\u0151sz\u00f6r a Semmelweis Egyetemen kezdett foglalkozni, ahol \u00e1ltal\u00e1nos \u00e9s orvosi szaknyelvi \u00f3r\u00e1k keret\u00e9ben tan\u00edtott k\u00fclf\u00f6ldi egyetemist\u00e1kat, majd k\u00e9s\u0151bb gyerekekkel is foglalkozni kezdett. Az \u00e9let hozta \u00faj helyzetre reag\u00e1lva \u00e9vek \u00f3ta tart online \u00f3r\u00e1kat mind feln\u0151tteknek, mind gyerekeknek.<\/p>\n\n\n\n<p>\u201eM\u00e1r gyerekkoromban l\u00e1tszott, hogy \u00e9rz\u00e9kem van a nyelvekhez, nagyon szerettem az idegen nyelveket \u00e9s a magyar nyelvet tanulni. Tov\u00e1bb\u00e1 szeretek emberekkel, gyerekekkel foglalkozni, ez\u00e9rt hamar kider\u00fclt, hogy tan\u00e1r szeretn\u00e9k lenni. Az els\u0151 diplom\u00e1m \u00e1tv\u00e9tele \u00f3ta a tan\u00edt\u00e1ssal foglalkozom, s\u0151t m\u00e1r el\u0151tte is egy kicsit belek\u00f3stoltam. A legfontosabb \u00e9s egyben legjobb dolog sz\u00e1momra, ha egy gyereknek vagy feln\u0151ttnek az \u00f3r\u00e1k sor\u00e1n siker\u00e9lm\u00e9nye van \u00e9s \u00e9lvezettel saj\u00e1t\u00edtja el a tanultakat.\u201d<\/p>\n<\/div><\/div>\n\n\n\n<hr class=\"wp-block-separator has-text-color has-vivid-red-color has-css-opacity has-vivid-red-background-color has-background is-style-default\"\/>\n\n\n\n<div class=\"wp-block-media-text alignwide is-stacked-on-mobile is-vertically-aligned-top\" style=\"grid-template-columns:22% auto\"><figure class=\"wp-block-media-text__media\"><img loading=\"lazy\" decoding=\"async\" width=\"238\" height=\"268\" src=\"https:\/\/onlinemagyariskola.com\/web\/wp-content\/uploads\/2020\/11\/Csilla-1.png\" alt=\"\" class=\"wp-image-2641 size-full\"\/><\/figure><div class=\"wp-block-media-text__content\">\n<p><strong>Sz\u00e1deczky-Kardoss Csilla<\/strong> (\u00edr\u00e1s-olvas\u00e1s tan\u00e1r, tan\u00edt\u00f3, dr\u00e1mapedag\u00f3gus)<\/p>\n\n\n\n<p>Az ELTE Tan\u00edt\u00f3k\u00e9pz\u0151 Kar\u00e1n diplom\u00e1zott n\u00e9met idegennyelvi m\u0171velts\u00e9gter\u00fclettel. Ut\u00e1na egy \u00f6szt\u00f6nd\u00edjjal 4 h\u00f3napot az Egyes\u00fclt \u00c1llamokban t\u00f6lt\u00f6tt, ahol a korai gyermekkori nevel\u00e9sr\u0151l tanulhatott. K\u00e9s\u0151bb dr\u00e1ma-, illetve t\u00e1nc- \u00e9s dr\u00e1mapedag\u00f3gus k\u00e9pes\u00edt\u00e9st szerzett, valamint letette a pedag\u00f3gus szakvizsg\u00e1t is. 10 \u00e9vet tan\u00edtott Magyarorsz\u00e1gon, Budapesten, majd Szentendr\u00e9n. K\u00f6zben akt\u00edvan foglalkozott k\u00e1rp\u00e1t-medencei magyar \u00e1rva \u00e9s neh\u00e9zsor\u00fa gyerekekkel.<\/p>\n\n\n\n<p>2015 szeptember\u00e9ben a K\u0151r\u00f6si Csoma S\u00e1ndor \u00d6szt\u00f6nd\u00edjjal (KCSP) ker\u00fclt N\u00e9metorsz\u00e1gba, ahol most egy b\u00f6lcs\u00f6d\u00e9ben dolgozik, illetve tan\u00edt az ottani h\u00e9tv\u00e9gi magyar iskol\u00e1ban, melynek a 2019\/20-as tan\u00e9vt\u0151l az egyik vezet\u0151je is. Emellett viszg\u00e1ztat az ECL magyar nyelvvizsg\u00e1kon.<\/p>\n\n\n\n<p>&#8220;<em>A tan\u00edt\u00e1sban mindig a j\u00e1t\u00e9koss\u00e1g, \u00e9lm\u00e9ny vez\u00e9relt. Hiszem, hogy amit szeret\u00fcnk, azt sokkal k\u00f6nnyebben megjegyezz\u00fck, megtanuljuk. Ha val\u00f3ban hivat\u00e1sunk a tan\u00edt\u00e1s, azt a gyerekek azonnal meg\u00e9rzik, \u00e9s egy pillanat alatt el tudjuk var\u00e1zsolni \u0151ket. Erre t\u00f6rekszem minden nap, minden egyes megtartott \u00f3r\u00e1mon, foglalkoz\u00e1somon.\u201d<\/em><\/p>\n<\/div><\/div>\n\n\n\n<hr class=\"wp-block-separator has-text-color has-vivid-red-color has-css-opacity has-vivid-red-background-color has-background is-style-default\"\/>\n\n\n\n<div class=\"wp-block-media-text alignwide is-stacked-on-mobile is-vertically-aligned-top\" style=\"grid-template-columns:22% auto\"><figure class=\"wp-block-media-text__media\"><img loading=\"lazy\" decoding=\"async\" width=\"484\" height=\"484\" src=\"https:\/\/onlinemagyariskola.com\/web\/wp-content\/uploads\/2020\/04\/40_Szoke_Emese_1537843343.jpg\" alt=\"\" class=\"wp-image-2359 size-full\" srcset=\"https:\/\/onlinemagyariskola.com\/web\/wp-content\/uploads\/2020\/04\/40_Szoke_Emese_1537843343.jpg 484w, https:\/\/onlinemagyariskola.com\/web\/wp-content\/uploads\/2020\/04\/40_Szoke_Emese_1537843343-300x300.jpg 300w, https:\/\/onlinemagyariskola.com\/web\/wp-content\/uploads\/2020\/04\/40_Szoke_Emese_1537843343-150x150.jpg 150w, https:\/\/onlinemagyariskola.com\/web\/wp-content\/uploads\/2020\/04\/40_Szoke_Emese_1537843343-400x400.jpg 400w\" sizes=\"auto, (max-width: 484px) 100vw, 484px\" \/><\/figure><div class=\"wp-block-media-text__content\">\n<p><strong>Sz\u0151ke Emese<\/strong> (\u00edr\u00e1s-olvas\u00e1s tan\u00e1r, pszichol\u00f3gus)<\/p>\n\n\n\n<p>Marosv\u00e1s\u00e1rhelyen szerzett pszichol\u00f3gus diplom\u00e1t a Dimitrie Cantemir egyetemen. H\u00e9t \u00e9vig dolgozott tan\u00edt\u00f3n\u0151k\u00e9nt Erd\u00e9lyben, miel\u0151tt New Yorkba k\u00f6lt\u00f6ztek. Az Arany J\u00e1nos Magyar Iskol\u00e1ban tan\u00edtott magyar \u00edr\u00e1s-olvas\u00e1st nyolc \u00e9vig. Tagja a new york-i D\u00e9lib\u00e1b n\u00e9pt\u00e1nccsoportnak. A Michigan-ben nyaranta megrendez\u00e9sre ker\u00fcl\u0151 Csipket\u00e1bor \u00e1lland\u00f3 r\u00e9sztvev\u0151je, ahol gyerekekkel foglalkozik t\u00f6bb koroszt\u00e1lyban.<\/p>\n\n\n\n<p><em>&#8220;Az olvas\u00e1stan\u00edt\u00e1s-tanul\u00e1s egy titkos \u00fat. A legfontosabb, hogy a k\u00f6z\u00f6tt\u00fcnk lev\u0151 viszony legyen bizalomra \u00e9p\u00fcl\u0151, harmonikus.&#8221;<\/em><\/p>\n<\/div><\/div>\n\n\n\n<hr class=\"wp-block-separator has-text-color has-vivid-red-color has-css-opacity has-vivid-red-background-color has-background is-style-default\"\/>\n\n\n\n<div class=\"wp-block-media-text alignwide is-stacked-on-mobile is-vertically-aligned-top\" style=\"grid-template-columns:22% auto\"><figure class=\"wp-block-media-text__media\"><img loading=\"lazy\" decoding=\"async\" width=\"480\" height=\"480\" src=\"https:\/\/onlinemagyariskola.com\/web\/wp-content\/uploads\/2023\/09\/1296_Torok_Marta_1695840773.jpg\" alt=\"\" class=\"wp-image-3945 size-full\" srcset=\"https:\/\/onlinemagyariskola.com\/web\/wp-content\/uploads\/2023\/09\/1296_Torok_Marta_1695840773.jpg 480w, https:\/\/onlinemagyariskola.com\/web\/wp-content\/uploads\/2023\/09\/1296_Torok_Marta_1695840773-300x300.jpg 300w, https:\/\/onlinemagyariskola.com\/web\/wp-content\/uploads\/2023\/09\/1296_Torok_Marta_1695840773-150x150.jpg 150w, https:\/\/onlinemagyariskola.com\/web\/wp-content\/uploads\/2023\/09\/1296_Torok_Marta_1695840773-400x400.jpg 400w\" sizes=\"auto, (max-width: 480px) 100vw, 480px\" \/><\/figure><div class=\"wp-block-media-text__content\">\n<p><strong>T\u00f6r\u00f6k M\u00e1rta<\/strong> (t\u00f6rt\u00e9nelem szakos tan\u00e1r)<\/p>\n\n\n\n<p>A ELTE B\u00f6lcs\u00e9szettudom\u00e1nyi Kar\u00e1n szerzett el\u0151bb t\u00f6rt\u00e9nelem, majd t\u00f6r\u00f6k szakos diplom\u00e1t. A t\u00f6rt\u00e9nelem szakhoz elv\u00e9gezte a tan\u00e1rk\u00e9pz\u00e9st is. Diplomamunk\u00e1j\u00e1t a nem form\u00e1lis tanul\u00e1sr\u00f3l, illetve a k\u00fclf\u00f6ld\u00f6n elt\u00f6lt\u00f6tt \u00f6nk\u00e9ntes szolg\u00e1lata sor\u00e1n szerzett saj\u00e1t tapasztalataib\u00f3l \u00edrta. 2013-ban a Comenius Tan\u00e1rasszisztensi program keret\u00e9ben Isztambulban als\u00f3s di\u00e1koknak tartott angol \u00f3r\u00e1kat. Jelenleg Kaliforni\u00e1ban \u00e9l f\u00e9rj\u00e9vel \u00e9s k\u00e9t kisl\u00e1ny\u00e1val. Az idei tan\u00e9vben kezdi meg a tan\u00edt\u00e1st a San Francisco-i K\u00e1ny\u00e1di S\u00e1ndor Magyar Iskol\u00e1ban is.<\/p>\n\n\n\n<p><em>\u201cA&nbsp; k\u00e9pz\u00e9s, a tan\u00edt\u00e1s, a tud\u00e1s \u00e1tad\u00e1sa m\u00e1soknak \u00edgy vagy \u00fagy, de mindig az \u00e9letem r\u00e9sze volt, akkor is, amikor \u00e9ppen tr\u00e9nerk\u00e9nt, coachk\u00e9nt vagy konzult\u00e1nsk\u00e9nt tev\u00e9kenykedtem az \u00e9let m\u00e1s ter\u00fcletein. A pedag\u00f3gusi l\u00e9tb\u0151l nem lehet kib\u00fajni. T\u00f6rt\u00e9nelem tan\u00e1rk\u00e9nt az a feladatom, hogy a di\u00e1kokkal k\u00f6z\u00f6sen felt\u00e1rjuk az egyes esem\u00e9nyek k\u00f6z\u00f6tti \u00f6sszef\u00fcgg\u00e9seket, illetve azok hat\u00e1sait, megtal\u00e1ljuk az ok-okozatokat, mert \u00edgy tudunk a legt\u00f6bbet tanulni el\u0151deinkt\u0151l.\u201d<\/em><\/p>\n<\/div><\/div>\n\n\n\n<hr class=\"wp-block-separator has-text-color has-vivid-red-color has-css-opacity has-vivid-red-background-color has-background is-style-default\"\/>\n\n\n\n<div class=\"wp-block-media-text alignwide is-stacked-on-mobile is-vertically-aligned-top\" style=\"grid-template-columns:22% auto\"><figure class=\"wp-block-media-text__media\"><img loading=\"lazy\" decoding=\"async\" width=\"1024\" height=\"988\" src=\"https:\/\/onlinemagyariskola.com\/web\/wp-content\/uploads\/2022\/09\/foto\u0301-3-e1662472849791-1024x988.jpg\" alt=\"\" class=\"wp-image-3392 size-full\" srcset=\"https:\/\/onlinemagyariskola.com\/web\/wp-content\/uploads\/2022\/09\/foto\u0301-3-e1662472849791-1024x988.jpg 1024w, https:\/\/onlinemagyariskola.com\/web\/wp-content\/uploads\/2022\/09\/foto\u0301-3-e1662472849791-300x289.jpg 300w, https:\/\/onlinemagyariskola.com\/web\/wp-content\/uploads\/2022\/09\/foto\u0301-3-e1662472849791-768x741.jpg 768w, https:\/\/onlinemagyariskola.com\/web\/wp-content\/uploads\/2022\/09\/foto\u0301-3-e1662472849791.jpg 1104w\" sizes=\"auto, (max-width: 1024px) 100vw, 1024px\" \/><\/figure><div class=\"wp-block-media-text__content\">\n<p><strong>Dr. V\u00edgh-Kiss Erika Roz\u00e1lia<\/strong> (matematika- \u00e9s orosztan\u00e1r, tehets\u00e9gfejleszt\u0151 tan\u00e1r)<\/p>\n\n\n\n<p> Az EKF matematika-orosz tan\u00e1r szak\u00e1n tanult, tov\u00e1bbi fels\u0151fok\u00fa tanulm\u00e1nyait az EKE tehets\u00e9gfejleszt\u0151 tan\u00e1r mesterszak\u00e1n \u00e9s a SZTE<br>matematikatan\u00e1r szak\u00e1n v\u00e9gezte. Majd a Szegedi Tudom\u00e1nyegyetemen<br>szerzett doktori (PhD) fokozatot nevel\u00e9studom\u00e1nyokb\u00f3l. Els\u0151 iskol\u00e1j\u00e1ban<br>ismerkedett meg Halmos M\u00e1ri\u00e1val \u00e9s P\u00f3sa Lajossal, akik nagy hat\u00e1ssal<br>voltak pedag\u00f3giai p\u00e1ly\u00e1j\u00e1ra. T\u00f6bb, P\u00f3sa \u00e1ltal tartott matematikat\u00e1borban, valamint a \u201cHogyan foglalkozzunk tehets\u00e9ges gyerekekkel?\u201d c\u00edm\u0171 kurzuson is r\u00e9szt vett. <\/p>\n\n\n\n<p>Koll\u00e9g\u00e1ival n\u00e9gy alkalommal szervezett matematika-fizika tehets\u00e9gfejleszt\u0151 t\u00e1borokat felvid\u00e9ki 10-18 \u00e9ves gimnazista di\u00e1kok sz\u00e1m\u00e1ra. Jelenleg Budapesten tan\u00edt, k\u00f6z\u00e9p- \u00e9s emelt szint\u0171 \u00e9retts\u00e9gi vizsg\u00e1ra k\u00e9sz\u00edti fel tan\u00edtv\u00e1nyait, koll\u00e9g\u00e1ival p\u00e9nz\u00fcgyi matematika szakk\u00f6rt, t\u00e1borokat szervez.<\/p>\n\n\n\n<p><em>&#8220;Szeretn\u00e9m, ha a matematik\u00e1ban tehets\u00e9ges \u00e9s kev\u00e9sb\u00e9 tehets\u00e9ges di\u00e1kjaim is \u00e1t\u00e9ln\u00e9k a Cs\u00edkszentmih\u00e1lyi Mih\u00e1ly \u00e1ltal le\u00edrt flow \u00e9lm\u00e9nyt, \u00e9s a matematik\u00e1val val\u00f3 foglalkoz\u00e1s sor\u00e1n meg\u00e9ln\u00e9k azt a \u201egondolkod\u00e1s \u00f6r\u00f6m\u00e9t\u201d, amelyet a P\u00f3sa \u00e1ltal tan\u00edtott gyerekeken l\u00e1ttam.&#8221;<\/em><\/p>\n<\/div><\/div>\n\n\n\n<hr class=\"wp-block-separator has-css-opacity is-style-wide\"\/>\n","protected":false},"excerpt":{"rendered":"<p>Int\u00e9zm\u00e9nyvezet\u0151k Tam\u00e1s Judit (igazgat\u00f3, \u00f3vodapedag\u00f3gus, PhD) Az E\u00f6tv\u00f6s J\u00f3zsef Tan\u00edt\u00f3k\u00e9pz\u0151 [&hellip;]<\/p>\n","protected":false},"author":3,"featured_media":2373,"parent":1382,"menu_order":0,"comment_status":"closed","ping_status":"closed","template":"","meta":{"_exactmetrics_skip_tracking":false,"_exactmetrics_sitenote_active":false,"_exactmetrics_sitenote_note":"","_exactmetrics_sitenote_category":0,"footnotes":""},"class_list":["post-1397","page","type-page","status-publish","has-post-thumbnail","hentry"],"acf":[],"yoast_head":"<!-- This site is optimized with the Yoast SEO plugin v26.9 - https:\/\/yoast.com\/product\/yoast-seo-wordpress\/ -->\n<title>Munkat\u00e1rsaink - Online Magyar Iskola<\/title>\n<meta name=\"robots\" content=\"index, follow, max-snippet:-1, max-image-preview:large, max-video-preview:-1\" \/>\n<link rel=\"canonical\" href=\"https:\/\/onlinemagyariskola.com\/web\/magunkrol\/munkatarsaink\" \/>\n<meta property=\"og:locale\" content=\"en_US\" \/>\n<meta property=\"og:type\" content=\"article\" \/>\n<meta property=\"og:title\" content=\"Munkat\u00e1rsaink - Online Magyar Iskola\" \/>\n<meta property=\"og:description\" content=\"Int\u00e9zm\u00e9nyvezet\u0151k Tam\u00e1s Judit (igazgat\u00f3, \u00f3vodapedag\u00f3gus, PhD) Az E\u00f6tv\u00f6s J\u00f3zsef Tan\u00edt\u00f3k\u00e9pz\u0151 [&hellip;]\" \/>\n<meta property=\"og:url\" content=\"https:\/\/onlinemagyariskola.com\/web\/magunkrol\/munkatarsaink\" \/>\n<meta property=\"og:site_name\" content=\"Online Magyar Iskola\" \/>\n<meta property=\"article:modified_time\" content=\"2025-09-08T12:23:05+00:00\" \/>\n<meta property=\"og:image\" content=\"https:\/\/onlinemagyariskola.com\/web\/wp-content\/uploads\/2020\/04\/munkatarsaink.jpg\" \/>\n\t<meta property=\"og:image:width\" content=\"367\" \/>\n\t<meta property=\"og:image:height\" content=\"137\" \/>\n\t<meta property=\"og:image:type\" content=\"image\/jpeg\" \/>\n<meta name=\"twitter:card\" content=\"summary_large_image\" \/>\n<meta name=\"twitter:label1\" content=\"Est. reading time\" \/>\n\t<meta name=\"twitter:data1\" content=\"13 minutes\" \/>\n<script type=\"application\/ld+json\" class=\"yoast-schema-graph\">{\"@context\":\"https:\/\/schema.org\",\"@graph\":[{\"@type\":\"WebPage\",\"@id\":\"https:\/\/onlinemagyariskola.com\/web\/magunkrol\/munkatarsaink\",\"url\":\"https:\/\/onlinemagyariskola.com\/web\/magunkrol\/munkatarsaink\",\"name\":\"Munkat\u00e1rsaink - Online Magyar Iskola\",\"isPartOf\":{\"@id\":\"https:\/\/onlinemagyariskola.com\/web\/#website\"},\"primaryImageOfPage\":{\"@id\":\"https:\/\/onlinemagyariskola.com\/web\/magunkrol\/munkatarsaink#primaryimage\"},\"image\":{\"@id\":\"https:\/\/onlinemagyariskola.com\/web\/magunkrol\/munkatarsaink#primaryimage\"},\"thumbnailUrl\":\"https:\/\/onlinemagyariskola.com\/web\/wp-content\/uploads\/2020\/04\/munkatarsaink.jpg\",\"datePublished\":\"2019-12-16T15:41:13+00:00\",\"dateModified\":\"2025-09-08T12:23:05+00:00\",\"breadcrumb\":{\"@id\":\"https:\/\/onlinemagyariskola.com\/web\/magunkrol\/munkatarsaink#breadcrumb\"},\"inLanguage\":\"en-US\",\"potentialAction\":[{\"@type\":\"ReadAction\",\"target\":[\"https:\/\/onlinemagyariskola.com\/web\/magunkrol\/munkatarsaink\"]}]},{\"@type\":\"ImageObject\",\"inLanguage\":\"en-US\",\"@id\":\"https:\/\/onlinemagyariskola.com\/web\/magunkrol\/munkatarsaink#primaryimage\",\"url\":\"https:\/\/onlinemagyariskola.com\/web\/wp-content\/uploads\/2020\/04\/munkatarsaink.jpg\",\"contentUrl\":\"https:\/\/onlinemagyariskola.com\/web\/wp-content\/uploads\/2020\/04\/munkatarsaink.jpg\",\"width\":367,\"height\":137},{\"@type\":\"BreadcrumbList\",\"@id\":\"https:\/\/onlinemagyariskola.com\/web\/magunkrol\/munkatarsaink#breadcrumb\",\"itemListElement\":[{\"@type\":\"ListItem\",\"position\":1,\"name\":\"Home\",\"item\":\"https:\/\/onlinemagyariskola.com\/web\/\"},{\"@type\":\"ListItem\",\"position\":2,\"name\":\"Magunkr\u00f3l\",\"item\":\"https:\/\/onlinemagyariskola.com\/web\/magunkrol\"},{\"@type\":\"ListItem\",\"position\":3,\"name\":\"Munkat\u00e1rsaink\"}]},{\"@type\":\"WebSite\",\"@id\":\"https:\/\/onlinemagyariskola.com\/web\/#website\",\"url\":\"https:\/\/onlinemagyariskola.com\/web\/\",\"name\":\"Online Magyar Iskola\",\"description\":\"Your SUPER-powered WP Engine Blog\",\"potentialAction\":[{\"@type\":\"SearchAction\",\"target\":{\"@type\":\"EntryPoint\",\"urlTemplate\":\"https:\/\/onlinemagyariskola.com\/web\/?s={search_term_string}\"},\"query-input\":{\"@type\":\"PropertyValueSpecification\",\"valueRequired\":true,\"valueName\":\"search_term_string\"}}],\"inLanguage\":\"en-US\"}]}<\/script>\n<!-- \/ Yoast SEO plugin. -->","yoast_head_json":{"title":"Munkat\u00e1rsaink - Online Magyar Iskola","robots":{"index":"index","follow":"follow","max-snippet":"max-snippet:-1","max-image-preview":"max-image-preview:large","max-video-preview":"max-video-preview:-1"},"canonical":"https:\/\/onlinemagyariskola.com\/web\/magunkrol\/munkatarsaink","og_locale":"en_US","og_type":"article","og_title":"Munkat\u00e1rsaink - Online Magyar Iskola","og_description":"Int\u00e9zm\u00e9nyvezet\u0151k Tam\u00e1s Judit (igazgat\u00f3, \u00f3vodapedag\u00f3gus, PhD) Az E\u00f6tv\u00f6s J\u00f3zsef Tan\u00edt\u00f3k\u00e9pz\u0151 [&hellip;]","og_url":"https:\/\/onlinemagyariskola.com\/web\/magunkrol\/munkatarsaink","og_site_name":"Online Magyar Iskola","article_modified_time":"2025-09-08T12:23:05+00:00","og_image":[{"width":367,"height":137,"url":"https:\/\/onlinemagyariskola.com\/web\/wp-content\/uploads\/2020\/04\/munkatarsaink.jpg","type":"image\/jpeg"}],"twitter_card":"summary_large_image","twitter_misc":{"Est. reading time":"13 minutes"},"schema":{"@context":"https:\/\/schema.org","@graph":[{"@type":"WebPage","@id":"https:\/\/onlinemagyariskola.com\/web\/magunkrol\/munkatarsaink","url":"https:\/\/onlinemagyariskola.com\/web\/magunkrol\/munkatarsaink","name":"Munkat\u00e1rsaink - Online Magyar Iskola","isPartOf":{"@id":"https:\/\/onlinemagyariskola.com\/web\/#website"},"primaryImageOfPage":{"@id":"https:\/\/onlinemagyariskola.com\/web\/magunkrol\/munkatarsaink#primaryimage"},"image":{"@id":"https:\/\/onlinemagyariskola.com\/web\/magunkrol\/munkatarsaink#primaryimage"},"thumbnailUrl":"https:\/\/onlinemagyariskola.com\/web\/wp-content\/uploads\/2020\/04\/munkatarsaink.jpg","datePublished":"2019-12-16T15:41:13+00:00","dateModified":"2025-09-08T12:23:05+00:00","breadcrumb":{"@id":"https:\/\/onlinemagyariskola.com\/web\/magunkrol\/munkatarsaink#breadcrumb"},"inLanguage":"en-US","potentialAction":[{"@type":"ReadAction","target":["https:\/\/onlinemagyariskola.com\/web\/magunkrol\/munkatarsaink"]}]},{"@type":"ImageObject","inLanguage":"en-US","@id":"https:\/\/onlinemagyariskola.com\/web\/magunkrol\/munkatarsaink#primaryimage","url":"https:\/\/onlinemagyariskola.com\/web\/wp-content\/uploads\/2020\/04\/munkatarsaink.jpg","contentUrl":"https:\/\/onlinemagyariskola.com\/web\/wp-content\/uploads\/2020\/04\/munkatarsaink.jpg","width":367,"height":137},{"@type":"BreadcrumbList","@id":"https:\/\/onlinemagyariskola.com\/web\/magunkrol\/munkatarsaink#breadcrumb","itemListElement":[{"@type":"ListItem","position":1,"name":"Home","item":"https:\/\/onlinemagyariskola.com\/web\/"},{"@type":"ListItem","position":2,"name":"Magunkr\u00f3l","item":"https:\/\/onlinemagyariskola.com\/web\/magunkrol"},{"@type":"ListItem","position":3,"name":"Munkat\u00e1rsaink"}]},{"@type":"WebSite","@id":"https:\/\/onlinemagyariskola.com\/web\/#website","url":"https:\/\/onlinemagyariskola.com\/web\/","name":"Online Magyar Iskola","description":"Your SUPER-powered WP Engine Blog","potentialAction":[{"@type":"SearchAction","target":{"@type":"EntryPoint","urlTemplate":"https:\/\/onlinemagyariskola.com\/web\/?s={search_term_string}"},"query-input":{"@type":"PropertyValueSpecification","valueRequired":true,"valueName":"search_term_string"}}],"inLanguage":"en-US"}]}},"_links":{"self":[{"href":"https:\/\/onlinemagyariskola.com\/web\/wp-json\/wp\/v2\/pages\/1397","targetHints":{"allow":["GET"]}}],"collection":[{"href":"https:\/\/onlinemagyariskola.com\/web\/wp-json\/wp\/v2\/pages"}],"about":[{"href":"https:\/\/onlinemagyariskola.com\/web\/wp-json\/wp\/v2\/types\/page"}],"author":[{"embeddable":true,"href":"https:\/\/onlinemagyariskola.com\/web\/wp-json\/wp\/v2\/users\/3"}],"replies":[{"embeddable":true,"href":"https:\/\/onlinemagyariskola.com\/web\/wp-json\/wp\/v2\/comments?post=1397"}],"version-history":[{"count":68,"href":"https:\/\/onlinemagyariskola.com\/web\/wp-json\/wp\/v2\/pages\/1397\/revisions"}],"predecessor-version":[{"id":4575,"href":"https:\/\/onlinemagyariskola.com\/web\/wp-json\/wp\/v2\/pages\/1397\/revisions\/4575"}],"up":[{"embeddable":true,"href":"https:\/\/onlinemagyariskola.com\/web\/wp-json\/wp\/v2\/pages\/1382"}],"wp:featuredmedia":[{"embeddable":true,"href":"https:\/\/onlinemagyariskola.com\/web\/wp-json\/wp\/v2\/media\/2373"}],"wp:attachment":[{"href":"https:\/\/onlinemagyariskola.com\/web\/wp-json\/wp\/v2\/media?parent=1397"}],"curies":[{"name":"wp","href":"https:\/\/api.w.org\/{rel}","templated":true}]}}